{"id":298,"date":"2023-08-29T08:56:05","date_gmt":"2023-08-29T06:56:05","guid":{"rendered":"https:\/\/www.nestwaerme.org\/?page_id=1528"},"modified":"2026-04-24T12:17:31","modified_gmt":"2026-04-24T10:17:31","slug":"kinderhospiz","status":"publish","type":"page","link":"https:\/\/www.nestwaerme.org\/lu\/kinderhospiz\/","title":{"rendered":"Kinderhospiz (station\u00e4r)"},"content":{"rendered":"\n<h2 class=\"wp-block-heading\">Ein Ort der Liebe und des Miteinanders<\/h2>\n\n\n\n<p>\u201eIhr Kind ist unheilbar krank.\u201c \u2013 dieser Satz bringt Familien aus den Fugen und nichts ist mehr so wie es einmal war.<\/p>\n\n\n\n<p>Damit die Familien auf diesem schweren und oft langen Weg nicht alleine sind brauchen sie neben der Begleitung zuhause auch einen Ort der Entlastung und Begegnung. Ein zweites Zuhause f\u00fcr die ganze Familie als Rastplatz und Lichtblick, zum Lachen und Leben, zum Sterben und Trauern.<\/p>\n\n\n\n<hr class=\"wp-block-separator has-alpha-channel-opacity\"\/>\n\n\n\n<h3 class=\"wp-block-heading\">Ein Zuhause auf Zeit f\u00fcr schwerkranke Kinder und ihre Familien<\/h3>\n\n\n\n<p>Das nestw\u00e4rme Kinder- und Jugendhospiz ( maison de r\u00e9pit) auf dem Petrisberg in Trier entsteht als Teil eines Geb\u00e4udekomplexes, den die Rehkids-Stiftung errichtet, gro\u00dfz\u00fcgig unterst\u00fctzt durch die Stifter:innen Nicole und Nick Reh.<\/p>\n\n\n\n<p>Die Angebote sind lebensbegleitend f\u00fcr das betroffene Kind und den sich daraus ableitenden Bedarfen und Bed\u00fcrfnissen abgestimmt. Das betroffene Kind, Eltern und Geschwisterkinder werden hier aufgenommen und betreut.<\/p>\n\n\n\n<p>Die ersten Familien werden ab 03. November 2026 dort begr\u00fc\u00dft werden k\u00f6nnen.<\/p>\n\n\n\n<section class=\"c-textbox  is-style-white\" ><div class=\"acf-innerblocks-container\">\n\n<h3 class=\"wp-block-heading\">Angebote<\/h3>\n\n\n\n<ul class=\"wp-block-list\">\n<li>Palliativ-pflegerische Schmerztherapie<\/li>\n\n\n\n<li>Pflege und Begleitung am Lebensende<\/li>\n\n\n\n<li>Entlastungspflegeaufenthalte mit Eltern und Geschwistern<\/li>\n\n\n\n<li>Geschwisterbetreuung<\/li>\n\n\n\n<li>Verschiedene Therapieangebote (Physio, Ergo, Musik, Tier und Wassertherapie)<\/li>\n\n\n\n<li>Psychosoziale Begleitung<\/li>\n\n\n\n<li>Sozialrechtliche Beratung<\/li>\n\n\n\n<li>Trauerbegleitung der ganzen Familie mit Trauercaf\u00e9; Gruppenangebote f\u00fcr Eltern und Geschwisterkinder<\/li>\n<\/ul>\n\n<\/div><\/section>\n\n\n<section class=\"c-textbox  is-style-white\" ><div class=\"acf-innerblocks-container\">\n\n<h3 class=\"wp-block-heading\">Ausstattung<\/h3>\n\n\n\n<ul class=\"wp-block-list\">\n<li>10 liebevoll gestaltete Zimmer f\u00fcr schwerkranke Kinder und ihre Familien<\/li>\n\n\n\n<li>Sch\u00f6ne und gro\u00dfz\u00fcgige Gartenanlage in Waldn\u00e4he<\/li>\n\n\n\n<li>Leicht zug\u00e4nglicher Innenhof mit Nest- und Rollischaukel<\/li>\n\n\n\n<li>Verschiedene Spiel und Therapier\u00e4ume Snoozelen, Musik, Tier- Kunst \u2013 und Wassertherapie u.a. Musiknest, Kugelbahn, Waldsofa, Ruhepl\u00e4tze und vieles mehr<\/li>\n\n\n\n<li>Gemeinschaftsr\u00e4ume mit K\u00fcche<\/li>\n\n\n\n<li>Begegnungs- und Beratungszentrum, das f\u00fcr alle Menschen offensteht<\/li>\n<\/ul>\n\n<\/div><\/section>\n\n\n<blockquote class=\"wp-block-quote is-layout-flow wp-block-quote-is-layout-flow\"><div class=\"wp-block-quote__inner\">\n<p>Solche au\u00dferfamili\u00e4ren Betreuungsm\u00f6glichkeiten zu schaffen, ist ein Kernanliegen [\u2026]. Ein teil-\/station\u00e4res Hospiz f\u00fcr Kinder, Jugendliche und ihre Familien kann die Antwort darauf sein, indem individuelle Vereinbarungen zu Leistungen der Kurzzeit-, Verhinderungs- und Notfallpflege getroffen werden.<\/p>\n<cite>Studie zur Bedarfseinsch\u00e4tzung , Institut f\u00fcr Sozialp\u00e4dagogische Forschung Mainz gGmbH (ism)<\/cite><\/div><\/blockquote>\n\n\n\n<figure class=\"wp-block-image size-large is-resized\"><img loading=\"lazy\" decoding=\"async\" width=\"1024\" height=\"683\" src=\"https:\/\/www.nestwaerme.org\/lu\/wp-content\/uploads\/sites\/4\/2026\/04\/2025-09-01_Baubegehung-Kinderhospiz-Colin-und-Cie-8-1024x683.jpg\" alt=\"\" class=\"wp-image-1033\" style=\"width:1024px;height:766px\" srcset=\"https:\/\/www.nestwaerme.org\/lu\/wp-content\/uploads\/sites\/4\/2026\/04\/2025-09-01_Baubegehung-Kinderhospiz-Colin-und-Cie-8-1024x683.jpg 1024w, https:\/\/www.nestwaerme.org\/lu\/wp-content\/uploads\/sites\/4\/2026\/04\/2025-09-01_Baubegehung-Kinderhospiz-Colin-und-Cie-8-300x200.jpg 300w, https:\/\/www.nestwaerme.org\/lu\/wp-content\/uploads\/sites\/4\/2026\/04\/2025-09-01_Baubegehung-Kinderhospiz-Colin-und-Cie-8-768x512.jpg 768w, https:\/\/www.nestwaerme.org\/lu\/wp-content\/uploads\/sites\/4\/2026\/04\/2025-09-01_Baubegehung-Kinderhospiz-Colin-und-Cie-8-431x287.jpg 431w, https:\/\/www.nestwaerme.org\/lu\/wp-content\/uploads\/sites\/4\/2026\/04\/2025-09-01_Baubegehung-Kinderhospiz-Colin-und-Cie-8-758x505.jpg 758w, https:\/\/www.nestwaerme.org\/lu\/wp-content\/uploads\/sites\/4\/2026\/04\/2025-09-01_Baubegehung-Kinderhospiz-Colin-und-Cie-8-780x520.jpg 780w\" sizes=\"auto, (max-width: 800px) 100vw, 800px\" \/><\/figure>\n\n\n\n<blockquote class=\"wp-block-quote is-layout-flow wp-block-quote-is-layout-flow\"><div class=\"wp-block-quote__inner\">\n<p><em>nestw\u00e4rme kann mit dem neuen maison de r\u00e9pit auch f\u00fcr die betroffenen Familien aus Luxemburg einen Rastplatz anbieten, der einzigartig ist<\/em> <em>und den Familien mit lebensverk\u00fcrzend erkrankten Kindern und Jugendliche kostbare Momente der Entlastung, Erholung und Auszeit schenkt.<\/em><\/p>\n<cite>L\u00e9a Linster, TV- und Sternek\u00f6chin, Pr\u00e4sidentin nestw\u00e4rme Luxembourg<\/cite><\/div><\/blockquote>\n\n\n\n<hr class=\"wp-block-separator has-alpha-channel-opacity\"\/>\n\n\n\n<h2 class=\"wp-block-heading\">Entdecke die nestwarmen Wohnwelten im Kinderhospiz<\/h2>\n\n\n\n<div class=\"wp-block-columns is-layout-flex wp-container-core-columns-is-layout-28f84493 wp-block-columns-is-layout-flex\">\n<div class=\"wp-block-column is-layout-flow wp-block-column-is-layout-flow\">\n<figure class=\"wp-block-image size-full\"><img loading=\"lazy\" decoding=\"async\" width=\"942\" height=\"505\" src=\"https:\/\/www.nestwaerme.org\/lu\/wp-content\/uploads\/sites\/4\/2026\/04\/GaestezimmerDigital-942x505-1.webp\" alt=\"\" class=\"wp-image-1036\" srcset=\"https:\/\/www.nestwaerme.org\/lu\/wp-content\/uploads\/sites\/4\/2026\/04\/GaestezimmerDigital-942x505-1.webp 942w, https:\/\/www.nestwaerme.org\/lu\/wp-content\/uploads\/sites\/4\/2026\/04\/GaestezimmerDigital-942x505-1-300x161.webp 300w, https:\/\/www.nestwaerme.org\/lu\/wp-content\/uploads\/sites\/4\/2026\/04\/GaestezimmerDigital-942x505-1-768x412.webp 768w, https:\/\/www.nestwaerme.org\/lu\/wp-content\/uploads\/sites\/4\/2026\/04\/GaestezimmerDigital-942x505-1-431x231.webp 431w, https:\/\/www.nestwaerme.org\/lu\/wp-content\/uploads\/sites\/4\/2026\/04\/GaestezimmerDigital-942x505-1-780x418.webp 780w\" sizes=\"auto, (max-width: 800px) 100vw, 800px\" \/><\/figure>\n<\/div>\n\n\n\n<div class=\"wp-block-column is-layout-flow wp-block-column-is-layout-flow\">\n<h5 class=\"wp-block-heading\">G\u00e4stezimmer<\/h5>\n\n\n\n<p>Liebevolle G\u00e4stezimmer mit Aufenthaltsqualit\u00e4t auch f\u00fcr die Eltern und Geschwisterkinder sind ein ganz wichtiger Teil der R\u00e4ume in unserem Hospiz. Farben und Licht spielen eine gro\u00dfe Rolle.<\/p>\n\n\n\n<p>Neben der notwendigen pflegerisch medizinischen Versorgung ist Platz f\u00fcr eigene Bilder, Photos oder Lieblingsstofftiere der Kinder.<\/p>\n<\/div>\n<\/div>\n\n\n\n<div class=\"wp-block-columns is-layout-flex wp-container-core-columns-is-layout-28f84493 wp-block-columns-is-layout-flex\">\n<div class=\"wp-block-column is-layout-flow wp-block-column-is-layout-flow\">\n<h5 class=\"wp-block-heading\">Begegnungs- und Beratungszentrum<\/h5>\n\n\n\n<p>Hier wird Inklusion und Begegnung gelebt, Familie trifft Familie, trifft Ehrenamtliche, trifft Freunde oder nestw\u00e4rme Mitarbeitende. <\/p>\n\n\n\n<p>Die gem\u00fctliche Atmosph\u00e4re im Innen und Au\u00dfen f\u00f6rdert das Beisammensein und Kennenlernen. &nbsp;<\/p>\n<\/div>\n\n\n\n<div class=\"wp-block-column is-layout-flow wp-block-column-is-layout-flow\">\n<div class=\"wp-block-group is-nowrap is-layout-flex wp-container-core-group-is-layout-6c531013 wp-block-group-is-layout-flex\">\n<div style=\"height:39px;width:0px\" aria-hidden=\"true\" class=\"wp-block-spacer wp-container-content-d5d6ef74\"><\/div>\n\n\n\n<figure class=\"wp-block-image size-full\"><img loading=\"lazy\" decoding=\"async\" width=\"851\" height=\"505\" src=\"https:\/\/www.nestwaerme.org\/lu\/wp-content\/uploads\/sites\/4\/2026\/04\/BegegnungscafeDigital-851x505-1.webp\" alt=\"\" class=\"wp-image-1034\" srcset=\"https:\/\/www.nestwaerme.org\/lu\/wp-content\/uploads\/sites\/4\/2026\/04\/BegegnungscafeDigital-851x505-1.webp 851w, https:\/\/www.nestwaerme.org\/lu\/wp-content\/uploads\/sites\/4\/2026\/04\/BegegnungscafeDigital-851x505-1-300x178.webp 300w, https:\/\/www.nestwaerme.org\/lu\/wp-content\/uploads\/sites\/4\/2026\/04\/BegegnungscafeDigital-851x505-1-768x456.webp 768w, https:\/\/www.nestwaerme.org\/lu\/wp-content\/uploads\/sites\/4\/2026\/04\/BegegnungscafeDigital-851x505-1-431x256.webp 431w, https:\/\/www.nestwaerme.org\/lu\/wp-content\/uploads\/sites\/4\/2026\/04\/BegegnungscafeDigital-851x505-1-780x463.webp 780w\" sizes=\"auto, (max-width: 800px) 100vw, 800px\" \/><\/figure>\n<\/div>\n<\/div>\n<\/div>\n\n\n\n<div class=\"wp-block-columns is-layout-flex wp-container-core-columns-is-layout-28f84493 wp-block-columns-is-layout-flex\">\n<div class=\"wp-block-column is-layout-flow wp-block-column-is-layout-flow\">\n<figure class=\"wp-block-image size-full\"><img loading=\"lazy\" decoding=\"async\" width=\"825\" height=\"505\" src=\"https:\/\/www.nestwaerme.org\/lu\/wp-content\/uploads\/sites\/4\/2026\/04\/MulitfunktionsraumDigital_2011_finaljpg-825x505-1.webp\" alt=\"\" class=\"wp-image-1035\" srcset=\"https:\/\/www.nestwaerme.org\/lu\/wp-content\/uploads\/sites\/4\/2026\/04\/MulitfunktionsraumDigital_2011_finaljpg-825x505-1.webp 825w, https:\/\/www.nestwaerme.org\/lu\/wp-content\/uploads\/sites\/4\/2026\/04\/MulitfunktionsraumDigital_2011_finaljpg-825x505-1-300x184.webp 300w, https:\/\/www.nestwaerme.org\/lu\/wp-content\/uploads\/sites\/4\/2026\/04\/MulitfunktionsraumDigital_2011_finaljpg-825x505-1-768x470.webp 768w, https:\/\/www.nestwaerme.org\/lu\/wp-content\/uploads\/sites\/4\/2026\/04\/MulitfunktionsraumDigital_2011_finaljpg-825x505-1-431x264.webp 431w, https:\/\/www.nestwaerme.org\/lu\/wp-content\/uploads\/sites\/4\/2026\/04\/MulitfunktionsraumDigital_2011_finaljpg-825x505-1-780x477.webp 780w\" sizes=\"auto, (max-width: 800px) 100vw, 800px\" \/><\/figure>\n<\/div>\n\n\n\n<div class=\"wp-block-column is-layout-flow wp-block-column-is-layout-flow\">\n<h5 class=\"wp-block-heading\">Multifunktionsraum<\/h5>\n\n\n\n<p>Hier stehen erlebnisp\u00e4dagogische Betreuungsprogramme f\u00fcr Eltern und Geschwister im Vordergrund. <\/p>\n\n\n\n<p>Aber auch der Physiotherapeut f\u00fcr das betroffene Kind oder die tiergest\u00fctzte Intervention mit Hunden findet hier seinen Platz mit Blick ins Gr\u00fcne.<\/p>\n<\/div>\n<\/div>\n\n\n\n<hr class=\"wp-block-separator has-alpha-channel-opacity\"\/>\n\n\n\n\n\n\t<div class=\"c-section\"  data-lightbox=\"true-843091936\">\t\t<h3 class=\"c-section__title\">Aktuelle Impressionen von der Baustelle<\/h3>\t\t\n\t\t<div class=\"c-imageslider c-slider\">\n\t\t\t<div class=\"swiper\">\n\t\t\t\t<div class=\"swiper-wrapper\">\n\t\t\t\t\t\t\t\t\t\n\t\t\t\t\t\t<div class=\"swiper-slide\">        \n\t\t\t\t\t\t\t\t\t\t\t\t\t\t\t\t\n\t\t\t\t\t\t\t\t\t\t\t\t\t\t\n\t\t\t\t\t\t\t\t\t\t\t\t\t\t\t\n\t\t\t\t\t\t\t\t\t\t\t\t\t\t\t\t\t\t\t\t\t\t\t\t\t\t\t\t\t\t\t\t\t\t\t\t\t\t\t\t\t\t\t\t\t\t\t\t\t\t\t\t\t<a href=\"https:\/\/www.nestwaerme.org\/lu\/wp-content\/uploads\/sites\/4\/2026\/04\/1.jpeg\" data-at-800=\"https:\/\/www.nestwaerme.org\/lu\/wp-content\/uploads\/sites\/4\/2026\/04\/1-780x585.jpeg\" data-at-1200=\"https:\/\/www.nestwaerme.org\/lu\/wp-content\/uploads\/sites\/4\/2026\/04\/1.jpeg\">\t\t\t\t\t\t\t\t\n\t\t\t\t\t\t\t\t<img decoding=\"async\"  alt=\"\" src=\"https:\/\/www.nestwaerme.org\/lu\/wp-content\/uploads\/sites\/4\/2026\/04\/1-673x505.jpeg\" \/>\n\n\t\t\t\t\t\t\t\t\t\t\t\t\t\t\t\t\t<\/a>\t\t\t\t\t\t\t\t\n\t\t\t\t\t\t\t\t\t\t\t\t\t\n\t\t\t\t\t\t<\/div>    \n\t\t\t\t\t\t\t\t\t\n\t\t\t\t\t\t<div class=\"swiper-slide\">        \n\t\t\t\t\t\t\t\t\t\t\t\t\t\t\t\t\n\t\t\t\t\t\t\t\t\t\t\t\t\t\t\n\t\t\t\t\t\t\t\t\t\t\t\t\t\t\t\n\t\t\t\t\t\t\t\t\t\t\t\t\t\t\t\t\t\t\t\t\t\t\t\t\t\t\t\t\t\t\t\t\t\t\t\t\t\t\t\t\t\t\t\t\t\t\t\t\t\t\t\t\t<a href=\"https:\/\/www.nestwaerme.org\/lu\/wp-content\/uploads\/sites\/4\/2026\/04\/2.jpeg\" data-at-800=\"https:\/\/www.nestwaerme.org\/lu\/wp-content\/uploads\/sites\/4\/2026\/04\/2-780x438.jpeg\" data-at-1200=\"https:\/\/www.nestwaerme.org\/lu\/wp-content\/uploads\/sites\/4\/2026\/04\/2.jpeg\">\t\t\t\t\t\t\t\t\n\t\t\t\t\t\t\t\t<img decoding=\"async\"  alt=\"\" src=\"https:\/\/www.nestwaerme.org\/lu\/wp-content\/uploads\/sites\/4\/2026\/04\/2-899x505.jpeg\" \/>\n\n\t\t\t\t\t\t\t\t\t\t\t\t\t\t\t\t\t<\/a>\t\t\t\t\t\t\t\t\n\t\t\t\t\t\t\t\t\t\t\t\t\t\n\t\t\t\t\t\t<\/div>    \n\t\t\t\t\t\t\t\t\t\n\t\t\t\t\t\t<div class=\"swiper-slide\">        \n\t\t\t\t\t\t\t\t\t\t\t\t\t\t\t\t\n\t\t\t\t\t\t\t\t\t\t\t\t\t\t\n\t\t\t\t\t\t\t\t\t\t\t\t\t\t\t\n\t\t\t\t\t\t\t\t\t\t\t\t\t\t\t\t\t\t\t\t\t\t\t\t\t\t\t\t\t\t\t\t\t\t\t\t\t\t\t\t\t\t\t\t\t\t\t\t\t\t\t\t\t<a href=\"https:\/\/www.nestwaerme.org\/lu\/wp-content\/uploads\/sites\/4\/2026\/04\/3.jpeg\" data-at-800=\"https:\/\/www.nestwaerme.org\/lu\/wp-content\/uploads\/sites\/4\/2026\/04\/3-585x780.jpeg\" data-at-1200=\"https:\/\/www.nestwaerme.org\/lu\/wp-content\/uploads\/sites\/4\/2026\/04\/3.jpeg\">\t\t\t\t\t\t\t\t\n\t\t\t\t\t\t\t\t<img decoding=\"async\"  alt=\"\" src=\"https:\/\/www.nestwaerme.org\/lu\/wp-content\/uploads\/sites\/4\/2026\/04\/3-379x505.jpeg\" \/>\n\n\t\t\t\t\t\t\t\t\t\t\t\t\t\t\t\t\t<\/a>\t\t\t\t\t\t\t\t\n\t\t\t\t\t\t\t\t\t\t\t\t\t\n\t\t\t\t\t\t<\/div>    \n\t\t\t\t\t\t\t\t\t\n\t\t\t\t\t\t<div class=\"swiper-slide\">        \n\t\t\t\t\t\t\t\t\t\t\t\t\t\t\t\t\n\t\t\t\t\t\t\t\t\t\t\t\t\t\t\n\t\t\t\t\t\t\t\t\t\t\t\t\t\t\t\n\t\t\t\t\t\t\t\t\t\t\t\t\t\t\t\t\t\t\t\t\t\t\t\t\t\t\t\t\t\t\t\t\t\t\t\t\t\t\t\t\t\t\t\t\t\t\t\t\t\t\t\t\t<a href=\"https:\/\/www.nestwaerme.org\/lu\/wp-content\/uploads\/sites\/4\/2026\/04\/4.jpeg\" data-at-800=\"https:\/\/www.nestwaerme.org\/lu\/wp-content\/uploads\/sites\/4\/2026\/04\/4-585x780.jpeg\" data-at-1200=\"https:\/\/www.nestwaerme.org\/lu\/wp-content\/uploads\/sites\/4\/2026\/04\/4.jpeg\">\t\t\t\t\t\t\t\t\n\t\t\t\t\t\t\t\t<img decoding=\"async\"  alt=\"\" src=\"https:\/\/www.nestwaerme.org\/lu\/wp-content\/uploads\/sites\/4\/2026\/04\/4-379x505.jpeg\" \/>\n\n\t\t\t\t\t\t\t\t\t\t\t\t\t\t\t\t\t<\/a>\t\t\t\t\t\t\t\t\n\t\t\t\t\t\t\t\t\t\t\t\t\t\n\t\t\t\t\t\t<\/div>    \n\t\t\t\t\t\t\t\t\t\n\t\t\t\t\t\t<div class=\"swiper-slide\">        \n\t\t\t\t\t\t\t\t\t\t\t\t\t\t\t\t\n\t\t\t\t\t\t\t\t\t\t\t\t\t\t\n\t\t\t\t\t\t\t\t\t\t\t\t\t\t\t\n\t\t\t\t\t\t\t\t\t\t\t\t\t\t\t\t\t\t\t\t\t\t\t\t\t\t\t\t\t\t\t\t\t\t\t\t\t\t\t\t\t\t\t\t\t\t\t\t\t\t\t\t\t<a href=\"https:\/\/www.nestwaerme.org\/lu\/wp-content\/uploads\/sites\/4\/2026\/04\/5.jpeg\" data-at-800=\"https:\/\/www.nestwaerme.org\/lu\/wp-content\/uploads\/sites\/4\/2026\/04\/5-585x780.jpeg\" data-at-1200=\"https:\/\/www.nestwaerme.org\/lu\/wp-content\/uploads\/sites\/4\/2026\/04\/5.jpeg\">\t\t\t\t\t\t\t\t\n\t\t\t\t\t\t\t\t<img decoding=\"async\"  alt=\"\" src=\"https:\/\/www.nestwaerme.org\/lu\/wp-content\/uploads\/sites\/4\/2026\/04\/5-379x505.jpeg\" \/>\n\n\t\t\t\t\t\t\t\t\t\t\t\t\t\t\t\t\t<\/a>\t\t\t\t\t\t\t\t\n\t\t\t\t\t\t\t\t\t\t\t\t\t\n\t\t\t\t\t\t<\/div>    \n\t\t\t\t\t\t\t\t\t\n\t\t\t\t\t\t<div class=\"swiper-slide\">        \n\t\t\t\t\t\t\t\t\t\t\t\t\t\t\t\t\n\t\t\t\t\t\t\t\t\t\t\t\t\t\t\n\t\t\t\t\t\t\t\t\t\t\t\t\t\t\t\n\t\t\t\t\t\t\t\t\t\t\t\t\t\t\t\t\t\t\t\t\t\t\t\t\t\t\t\t\t\t\t\t\t\t\t\t\t\t\t\t\t\t\t\t\t\t\t\t\t\t\t\t\t<a href=\"https:\/\/www.nestwaerme.org\/lu\/wp-content\/uploads\/sites\/4\/2026\/04\/6.jpeg\" data-at-800=\"https:\/\/www.nestwaerme.org\/lu\/wp-content\/uploads\/sites\/4\/2026\/04\/6-585x780.jpeg\" data-at-1200=\"https:\/\/www.nestwaerme.org\/lu\/wp-content\/uploads\/sites\/4\/2026\/04\/6.jpeg\">\t\t\t\t\t\t\t\t\n\t\t\t\t\t\t\t\t<img decoding=\"async\"  alt=\"\" src=\"https:\/\/www.nestwaerme.org\/lu\/wp-content\/uploads\/sites\/4\/2026\/04\/6-379x505.jpeg\" \/>\n\n\t\t\t\t\t\t\t\t\t\t\t\t\t\t\t\t\t<\/a>\t\t\t\t\t\t\t\t\n\t\t\t\t\t\t\t\t\t\t\t\t\t\n\t\t\t\t\t\t<\/div>    \n\t\t\t\t\t\t\t\t\t\n\t\t\t\t\t\t<div class=\"swiper-slide\">        \n\t\t\t\t\t\t\t\t\t\t\t\t\t\t\t\t\n\t\t\t\t\t\t\t\t\t\t\t\t\t\t\n\t\t\t\t\t\t\t\t\t\t\t\t\t\t\t\n\t\t\t\t\t\t\t\t\t\t\t\t\t\t\t\t\t\t\t\t\t\t\t\t\t\t\t\t\t\t\t\t\t\t\t\t\t\t\t\t\t\t\t\t\t\t\t\t\t\t\t\t\t<a href=\"https:\/\/www.nestwaerme.org\/lu\/wp-content\/uploads\/sites\/4\/2026\/04\/7.jpeg\" data-at-800=\"https:\/\/www.nestwaerme.org\/lu\/wp-content\/uploads\/sites\/4\/2026\/04\/7-780x585.jpeg\" data-at-1200=\"https:\/\/www.nestwaerme.org\/lu\/wp-content\/uploads\/sites\/4\/2026\/04\/7.jpeg\">\t\t\t\t\t\t\t\t\n\t\t\t\t\t\t\t\t<img decoding=\"async\"  alt=\"\" src=\"https:\/\/www.nestwaerme.org\/lu\/wp-content\/uploads\/sites\/4\/2026\/04\/7-673x505.jpeg\" \/>\n\n\t\t\t\t\t\t\t\t\t\t\t\t\t\t\t\t\t<\/a>\t\t\t\t\t\t\t\t\n\t\t\t\t\t\t\t\t\t\t\t\t\t\n\t\t\t\t\t\t<\/div>    \n\t\t\t\t\t\t\t\t\t\n\t\t\t\t\t\t<div class=\"swiper-slide\">        \n\t\t\t\t\t\t\t\t\t\t\t\t\t\t\t\t\n\t\t\t\t\t\t\t\t\t\t\t\t\t\t\n\t\t\t\t\t\t\t\t\t\t\t\t\t\t\t\n\t\t\t\t\t\t\t\t\t\t\t\t\t\t\t\t\t\t\t\t\t\t\t\t\t\t\t\t\t\t\t\t\t\t\t\t\t\t\t\t\t\t\t\t\t\t\t\t\t\t\t\t\t<a href=\"https:\/\/www.nestwaerme.org\/lu\/wp-content\/uploads\/sites\/4\/2026\/04\/8.jpeg\" data-at-800=\"https:\/\/www.nestwaerme.org\/lu\/wp-content\/uploads\/sites\/4\/2026\/04\/8-780x585.jpeg\" data-at-1200=\"https:\/\/www.nestwaerme.org\/lu\/wp-content\/uploads\/sites\/4\/2026\/04\/8.jpeg\">\t\t\t\t\t\t\t\t\n\t\t\t\t\t\t\t\t<img decoding=\"async\"  alt=\"\" src=\"https:\/\/www.nestwaerme.org\/lu\/wp-content\/uploads\/sites\/4\/2026\/04\/8-673x505.jpeg\" \/>\n\n\t\t\t\t\t\t\t\t\t\t\t\t\t\t\t\t\t<\/a>\t\t\t\t\t\t\t\t\n\t\t\t\t\t\t\t\t\t\t\t\t\t\n\t\t\t\t\t\t<\/div>    \n\t\t\t\t\t\t\t\t\t\n\t\t\t\t\t\t<div class=\"swiper-slide\">        \n\t\t\t\t\t\t\t\t\t\t\t\t\t\t\t\t\n\t\t\t\t\t\t\t\t\t\t\t\t\t\t\n\t\t\t\t\t\t\t\t\t\t\t\t\t\t\t\n\t\t\t\t\t\t\t\t\t\t\t\t\t\t\t\t\t\t\t\t\t\t\t\t\t\t\t\t\t\t\t\t\t\t\t\t\t\t\t\t\t\t\t\t\t\t\t\t\t\t\t\t\t<a href=\"https:\/\/www.nestwaerme.org\/lu\/wp-content\/uploads\/sites\/4\/2026\/04\/9.jpeg\" data-at-800=\"https:\/\/www.nestwaerme.org\/lu\/wp-content\/uploads\/sites\/4\/2026\/04\/9-780x585.jpeg\" data-at-1200=\"https:\/\/www.nestwaerme.org\/lu\/wp-content\/uploads\/sites\/4\/2026\/04\/9.jpeg\">\t\t\t\t\t\t\t\t\n\t\t\t\t\t\t\t\t<img decoding=\"async\"  alt=\"\" src=\"https:\/\/www.nestwaerme.org\/lu\/wp-content\/uploads\/sites\/4\/2026\/04\/9-673x505.jpeg\" \/>\n\n\t\t\t\t\t\t\t\t\t\t\t\t\t\t\t\t\t<\/a>\t\t\t\t\t\t\t\t\n\t\t\t\t\t\t\t\t\t\t\t\t\t\n\t\t\t\t\t\t<\/div>    \n\t\t\t\t\t\t\t\t\t<\/div>\n\t\t\t<\/div>\n\t\t\t<div class=\"swiper-pagination\"><\/div>\n\t\t\t<div class=\"swiper-button-prev\"><\/div>\n\t\t\t<div class=\"swiper-button-next\"><\/div>        \n\t\t<\/div>\n\t<\/div>\n\n\n\n<hr class=\"wp-block-separator has-alpha-channel-opacity\"\/>\n\n\n\n<h3 class=\"wp-block-heading\">Wir brauchen deine Unterst\u00fctzung<\/h3>\n\n\n\n<p>Die Stiftung Rehkids hat das Grundst\u00fccks am Petrisberg erworben, ist Bauherr f\u00fcr das Geb\u00e4ude und wird Vermieterin der Fl\u00e4chen an nestw\u00e4rme. nestw\u00e4rme zeichnet f\u00fcr die daf\u00fcr notwendige Ausstattung und den nachhaltigen Fortbestand \/ den Betrieb des Kinderhospizes verantwortlich. Daf\u00fcr braucht es nicht nur viel Motivation und Engagement, sondern auch Spenden.<\/p>\n\n\n\n<p>Danke f\u00fcr deine Unterst\u00fctzung!<\/p>\n\n\n\n<div class=\"wp-block-buttons is-layout-flex wp-block-buttons-is-layout-flex\">\n<div class=\"wp-block-button\"><a class=\"wp-block-button__link wp-element-button\" href=\"#popup-TFqyvcUrHE\"><svg width=\"21\" height=\"21\" aria-hidden=\"true\" role=\"img\" focusable=\"false\"><use href=\"#utility-arrow-right-heavy\"><\/use><\/svg>Jetzt spenden<\/a><\/div>\n<\/div>\n\n\n\n<hr class=\"wp-block-separator has-alpha-channel-opacity\"\/>\n\n\n\n<h3 class=\"wp-block-heading\">Starke Partnerschaft f\u00fcr schwerkranke Kinder und ihre Familien<\/h3>\n\n\n\n<p>Mit dem Trierischen Volksfreund haben wir einen starken Partner an unserer Seite. Bis zur Er\u00f6ffnung des Kinderhospizes m\u00f6chten wir gemeinsam informieren, auf dem Laufenden halten und zum Mitmachen motivieren. Wir sind dankbar und stolz, diesen Weg mit einem Medienpartner zu gehen und laden Sie ein, gemeinsam Gro\u00dfes zu bewirken, f\u00fcr die Region, die Kinder, die Familien.<\/p>\n\n\n\n<div class=\"wp-block-buttons is-layout-flex wp-block-buttons-is-layout-flex\">\n<div class=\"wp-block-button\"><a class=\"wp-block-button__link wp-element-button\" href=\"\/partnerschaft-fuer-kinderhospiz\/\" target=\"_blank\" rel=\"noreferrer noopener\"><svg width=\"21\" height=\"21\" aria-hidden=\"true\" role=\"img\" focusable=\"false\"><use href=\"#utility-arrow-right-heavy\"><\/use><\/svg>Alle Infos zur Kooperation<\/a><\/div>\n<\/div>\n\n\n\n<hr class=\"wp-block-separator has-alpha-channel-opacity\"\/>\n\n\n\n<h3 class=\"wp-block-heading\">Dein Engagement<\/h3>\n\n\n\n<p>Kinderhospizarbeit ist eine Aufgabe, die mit der Diagnosestellung beginnt und unter Umst\u00e4nden viele Jahre geleistet wird. Wir m\u00f6chten den Kindern und ihren Familien im nestw\u00e4rme Kinder- und Jugendhospiz ein zweites Zuhause geben.<\/p>\n\n\n\n<p>Schenk auch du gemeinsam mit uns kleine Auszeiten und Wohf\u00fchlstunden und teile mit der Familie unwiederbringlich sch\u00f6ne und manchmal auch traurige Momente!<\/p>\n\n\n\n<div class=\"wp-block-buttons is-layout-flex wp-block-buttons-is-layout-flex\">\n<div class=\"wp-block-button\"><a class=\"wp-block-button__link wp-element-button\" href=\"#popup-8a412yqkhz\"><svg width=\"21\" height=\"21\" aria-hidden=\"true\" role=\"img\" focusable=\"false\"><use href=\"#utility-arrow-right-heavy\"><\/use><\/svg>Jetzt engagieren<\/a><\/div>\n<\/div>\n\n\n\n<hr class=\"wp-block-separator has-alpha-channel-opacity\"\/>\n\n\n\n<h2 class=\"wp-block-heading\">Deine Ansprechpartner:innen<\/h2>\n\n\n\n\n<div class=\"c-section\" >\t<h3 class=\"c-section__title\">Rat, Hilfe &amp; Information<\/h3>\t\t\t\n\n\t\t\t\n\t<div class=\"c-person\">\n\t\t\t\t\n\t\t\t\t\t<div class=\"c-person__media\">\n\t\t\t\t\t\t\n\t\t\t\t\t\t\t\t<img decoding=\"async\" src=\"https:\/\/www.nestwaerme.org\/lu\/wp-content\/uploads\/sites\/4\/2026\/04\/Design-ohne-Titel-3-1-400x400.png\"  \/>\t\t\t<\/div>\n\t\t\t<div class=\"c-person__content\">\n\t\t\t\t\t\t\t\t\t\t\t\t<h3 class=\"c-person__heading\">Frederic F\u00fcnfgeld<\/h3>\t\t\t\n\t\t\t\t<p class=\"c-person__title\">Kinderhospizarbeit<\/p>\t\t\t\t\t\t\t\t\t\t\t\t\t\t\t\t\t\t\t\t\t<ul class=\"c-person__list\">\t\t\t\t\n\t\t\t\t\t\t\t\t\t\t\t<li class=\"c-person__mail\">\n\t\t\t\t\t\t\t<a href=\"mailto:frederic.fuenfgeld@nestwaerme.org\"><svg width=\"21\" height=\"21\" aria-hidden=\"true\" role=\"img\" focusable=\"false\"><use href=\"#utility-mail\"><\/use><\/svg>frederic.fuenfgeld@nestwaerme.org<\/a>\n\t\t\t\t\t\t<\/li>\t\t\t\t\t\t\t\t\n\t\t\t\t\t\t\t\t\t\t\t\t\t\t\t\t<li class=\"c-person__phone\">\n\t\t\t\t\t\t\t<a href=\"tel:+49 (0) 160 98518072\"> <svg width=\"21\" height=\"21\" aria-hidden=\"true\" role=\"img\" focusable=\"false\"><use href=\"#utility-phone\"><\/use><\/svg>+49 (0) 160 98518072<\/a>\n\t\t\t\t\t\t<\/li>\n\t\t\t\t\t\t\t\t\t\n\t\t\t\t\t    \t\t\t\t\n\t\t\t\t<\/ul>\n\t\t\t\t\t\t\t<\/div>\n\t\t\t<\/div>\n<\/div>\n\n\n\n<div class=\"c-section\" >\t<h3 class=\"c-section__title\">Engagement &amp; Spenden<\/h3>\t\t\t\n\n\t\t\t\n\t<div class=\"c-person\">\n\t\t\t\t\n\t\t\t\t\t<div class=\"c-person__media\">\n\t\t\t\t\t\t\n\t\t\t\t\t\t\t\t<img decoding=\"async\" src=\"https:\/\/www.nestwaerme.org\/lu\/wp-content\/uploads\/sites\/4\/2023\/08\/Dirk-Hense-400x400.webp\"  \/>\t\t\t<\/div>\n\t\t\t<div class=\"c-person__content\">\n\t\t\t\t\t\t\t\t\t\t\t\t<h3 class=\"c-person__heading\">Dirk Hense<\/h3>\t\t\t\n\t\t\t\t<p class=\"c-person__title\">Vize-Pr\u00e4sident nestw\u00e4rme Luxemburg<\/p>\t\t\t\t\t\t\t\t\t\t\t\t\t\t\t\t\t\t\t\t\t<ul class=\"c-person__list\">\t\t\t\t\n\t\t\t\t\t\t\t\t\t\t\t<li class=\"c-person__mail\">\n\t\t\t\t\t\t\t<a href=\"mailto:info@nestwaerme.lu\"><svg width=\"21\" height=\"21\" aria-hidden=\"true\" role=\"img\" focusable=\"false\"><use href=\"#utility-mail\"><\/use><\/svg>info@nestwaerme.lu<\/a>\n\t\t\t\t\t\t<\/li>\t\t\t\t\t\t\t\t\n\t\t\t\t\t\t\t\t\t\t\t\t\t\t\t\t<li class=\"c-person__phone\">\n\t\t\t\t\t\t\t<a href=\"tel:+35 2 20 60 09 33\"> <svg width=\"21\" height=\"21\" aria-hidden=\"true\" role=\"img\" focusable=\"false\"><use href=\"#utility-phone\"><\/use><\/svg>+35 2 20 60 09 33<\/a>\n\t\t\t\t\t\t<\/li>\n\t\t\t\t\t\t\t\t\t\n\t\t\t\t\t    \t\t\t\t\n\t\t\t\t<\/ul>\n\t\t\t\t\t\t\t<\/div>\n\t\t\t<\/div>\n<\/div>\n\n\n\n<section class=\"c-section alignwide is-style-primary is-style-col-3\" >\n\n<ul class=\"o-grid o-grid-1-2-3 o-list-bare\">\n    <li class=\"c-card c-card--teaser\">\n\n    \n    \n    \n        \n    \n            \n    \n    \n                  <\/li>\n    <li class=\"c-card c-card--teaser\">\n\n    \n    \n    \n        \n    \n            \n    \n    \n                  <\/li>\n    <li class=\"c-card c-card--teaser\">\n\n    \n    \n    \n        \n    \n            \n    \n    \n                  <\/li>\n  <\/ul>\n<\/section>\n\n\n\n<h3 class=\"wp-block-heading\">Gef\u00f6rdert durch<\/h3>\n\n\n\n\n\t<div class=\"c-section \" >\t\t\t\t\n\t\t<div class=\"c-imagegrid\">\n\t\t\t<ul class=\"c-imagegrid__list\">\n\t\t\t\t\t\t\t\t\t\t\t\t\t\t\t\t\t\t\t\t\t\t\t\t\t\t\t\t\t\t\t\t\t\t\t\t\n\t\t\t\t\t\t\t\t\t\t\t<li class=\"c-imagegrid__item\">\n\t\t\t\t\t\t\t\t\t\t\t\t\t\t<img decoding=\"async\"   src=\"https:\/\/www.nestwaerme.org\/lu\/wp-content\/uploads\/sites\/4\/2023\/10\/Logo_RTL-320x320.png \"\/>\n\t\t\t\t\t\t\t\t\t\t\t\t\t<\/li>\n\t\t\t\t\t\t\t\t\t\t\t\t\t\t\t\t\t\t\t\t\t\t\t\t\t\t\t\t\t\t\t\t\t\t\t\t\t\t\t\t\t\n\t\t\t\t\t\t\t\t\t\t\t<li class=\"c-imagegrid__item\">\n\t\t\t\t\t\t\t\t\t\t\t\t\t\t<img decoding=\"async\"   src=\"https:\/\/www.nestwaerme.org\/lu\/wp-content\/uploads\/sites\/4\/2023\/10\/Logo_FORUM_gemeinschaftliches-Wohnen-320x320.png \"\/>\n\t\t\t\t\t\t\t\t\t\t\t\t\t<\/li>\n\t\t\t\t\t\t\t\t\t\t\t\t\t\t\t\t\t\t\t\t\t\t\t\t\t\t\t\t\t\t\t\t\t\t\t\t\t\t\t\t\t\n\t\t\t\t\t\t\t\t\t\t\t<li class=\"c-imagegrid__item\">\n\t\t\t\t\t\t\t\t\t\t\t\t\t\t<img decoding=\"async\"   src=\"https:\/\/www.nestwaerme.org\/lu\/wp-content\/uploads\/sites\/4\/2023\/10\/Herzenssache_logo-200x143-1-320x320.png \"\/>\n\t\t\t\t\t\t\t\t\t\t\t\t\t<\/li>\n\t\t\t\t\t\t\t\t\t\t\t\t\t\t\t\t\t\t\t\t\t\t\t\t\t\t\t\t\t\t\t\t\t\t\t\t\t\t\t\t\t\n\t\t\t\t\t\t\t\t\t\t\t<li class=\"c-imagegrid__item\">\n\t\t\t\t\t\t\t\t\t\t\t\t\t\t<img decoding=\"async\"   src=\"https:\/\/www.nestwaerme.org\/lu\/wp-content\/uploads\/sites\/4\/2023\/10\/BMFSFJ-gefrdert-vom-002-320x320.png \"\/>\n\t\t\t\t\t\t\t\t\t\t\t\t\t<\/li>\n\t\t\t\t\t\t\t\t\t\t\t\t\t\t\t\t\t\t\t\t\t\t\t\t\t\t\t\t\t\t\t\t\t\t\t\t\t\t\t\t\t\n\t\t\t\t\t\t\t\t\t\t\t<li class=\"c-imagegrid__item\">\n\t\t\t\t\t\t\t\t\t\t\t\t\t\t<img decoding=\"async\"   src=\"https:\/\/www.nestwaerme.org\/lu\/wp-content\/uploads\/sites\/4\/2023\/10\/Logo_Rehkids-320x320.png \"\/>\n\t\t\t\t\t\t\t\t\t\t\t\t\t<\/li>\n\t\t\t\t\t\t\t\t\t\t\t\t\t\t\t\t\t\t\t\t\t\t\t\t\t\t\t\t\t\t\t\t\t\t\t\t\t\t\t\t\t\n\t\t\t\t\t\t\t\t\t\t\t<li class=\"c-imagegrid__item\">\n\t\t\t\t\t\t\t\t\t\t\t\t\t\t<img decoding=\"async\"   src=\"https:\/\/www.nestwaerme.org\/lu\/wp-content\/uploads\/sites\/4\/2023\/10\/logo_reh_stiftung-320x320.png \"\/>\n\t\t\t\t\t\t\t\t\t\t\t\t\t<\/li>\n\t\t\t\t\t\t\t\t\t\t\t\t\t\t\t\t\t\t\t\t\t\t\t\t\t\t\t\t\t\t\t\t\t\t\t\t\t\t\t\t\t\n\t\t\t\t\t\t\t\t\t\t\t<li class=\"c-imagegrid__item\">\n\t\t\t\t\t\t\t\t\t\t\t\t\t\t<img decoding=\"async\"   src=\"https:\/\/www.nestwaerme.org\/lu\/wp-content\/uploads\/sites\/4\/2023\/10\/Logo_Volksfreund-320x320.png \"\/>\n\t\t\t\t\t\t\t\t\t\t\t\t\t<\/li>\n\t\t\t\t\t\t\t\t\t\t\t\t<\/ul>\n\t\t<\/div>\n\t<\/div>\n\n\n\n<h3 class=\"wp-block-heading\">Wir sind Mitglied im Bundesverband Kinderhospiz<\/h3>\n\n\n\n\n\t<div class=\"c-section \" >\t\t\t\t\n\t\t<div class=\"c-imagegrid\">\n\t\t\t<ul class=\"c-imagegrid__list\">\n\t\t\t\t\t\t\t\t\t\t\t\t\t\t\t\t\t\t\t\t\t\t\t\t\t\t\t\t\t\t\t\t\t\t\t\t\n\t\t\t\t\t\t\t\t\t\t\t<li class=\"c-imagegrid__item\">\n\t\t\t\t\t\t\t\t\t\t\t\t\t\t<img decoding=\"async\"   src=\"https:\/\/www.nestwaerme.org\/lu\/wp-content\/uploads\/sites\/4\/2023\/10\/Logo_Bundesverband-320x320.png \"\/>\n\t\t\t\t\t\t\t\t\t\t\t\t\t<\/li>\n\t\t\t\t\t\t\t\t\t\t\t\t<\/ul>\n\t\t<\/div>\n\t<\/div>\n","protected":false},"excerpt":{"rendered":"<p>Wir entwickeln neue Formen eines voll- und teilstation\u00e4ren Kinder- und Jugendhospizes f\u00fcr hochbelastete Familien mit ihren kranken Kindern. <\/p>\n","protected":false},"author":3,"featured_media":299,"parent":0,"menu_order":302,"comment_status":"open","ping_status":"open","template":"","meta":{"_acf_changed":false,"footnotes":""},"class_list":{"2":"type-page"},"acf":[],"yoast_head":"<!-- This site is optimized with the Yoast SEO plugin v27.4 - https:\/\/yoast.com\/product\/yoast-seo-wordpress\/ -->\n<title>Kinderhospiz (station\u00e4r) - nestw\u00e4rme Luxemburg<\/title>\n<meta name=\"description\" content=\"Wir entwickeln neue Formen eines voll- und teilstation\u00e4ren Kinder- und Jugendhospizes f\u00fcr hochbelastete Familien mit ihren kranken Kindern.\" \/>\n<meta name=\"robots\" content=\"noindex, follow, max-snippet:-1, max-image-preview:large, max-video-preview:-1\" \/>\n<meta property=\"og:locale\" content=\"de_DE\" \/>\n<meta property=\"og:type\" content=\"article\" \/>\n<meta property=\"og:title\" content=\"Kinderhospiz (station\u00e4r) - nestw\u00e4rme Luxemburg\" \/>\n<meta property=\"og:description\" content=\"Wir entwickeln neue Formen eines voll- und teilstation\u00e4ren Kinder- und Jugendhospizes f\u00fcr hochbelastete Familien mit ihren kranken Kindern.\" \/>\n<meta property=\"og:url\" content=\"https:\/\/www.nestwaerme.org\/lu\/kinderhospiz\/\" \/>\n<meta property=\"og:site_name\" content=\"nestw\u00e4rme Luxemburg\" \/>\n<meta property=\"article:modified_time\" content=\"2026-04-24T10:17:31+00:00\" \/>\n<meta property=\"og:image\" content=\"https:\/\/www.nestwaerme.org\/lu\/wp-content\/uploads\/sites\/4\/2023\/09\/headerbild_Kinderhospiz_stationaer.jpg\" \/>\n\t<meta property=\"og:image:width\" content=\"2400\" \/>\n\t<meta property=\"og:image:height\" content=\"1600\" \/>\n\t<meta property=\"og:image:type\" content=\"image\/jpeg\" \/>\n<meta name=\"twitter:card\" content=\"summary_large_image\" \/>\n<meta name=\"twitter:label1\" content=\"Gesch\u00e4tzte Lesezeit\" \/>\n\t<meta name=\"twitter:data1\" content=\"5\u00a0Minuten\" \/>\n<script type=\"application\/ld+json\" class=\"yoast-schema-graph\">{\"@context\":\"https:\\\/\\\/schema.org\",\"@graph\":[{\"@type\":\"WebPage\",\"@id\":\"https:\\\/\\\/www.nestwaerme.org\\\/lu\\\/kinderhospiz\\\/\",\"url\":\"https:\\\/\\\/www.nestwaerme.org\\\/lu\\\/kinderhospiz\\\/\",\"name\":\"Kinderhospiz (station\u00e4r) - nestw\u00e4rme Luxemburg\",\"isPartOf\":{\"@id\":\"https:\\\/\\\/www.nestwaerme.org\\\/lu\\\/#website\"},\"primaryImageOfPage\":{\"@id\":\"https:\\\/\\\/www.nestwaerme.org\\\/lu\\\/kinderhospiz\\\/#primaryimage\"},\"image\":{\"@id\":\"https:\\\/\\\/www.nestwaerme.org\\\/lu\\\/kinderhospiz\\\/#primaryimage\"},\"thumbnailUrl\":\"https:\\\/\\\/www.nestwaerme.org\\\/lu\\\/wp-content\\\/uploads\\\/sites\\\/4\\\/2023\\\/09\\\/headerbild_Kinderhospiz_stationaer.jpg\",\"datePublished\":\"2023-08-29T06:56:05+00:00\",\"dateModified\":\"2026-04-24T10:17:31+00:00\",\"description\":\"Wir entwickeln neue Formen eines voll- und teilstation\u00e4ren Kinder- und Jugendhospizes f\u00fcr hochbelastete Familien mit ihren kranken Kindern.\",\"breadcrumb\":{\"@id\":\"https:\\\/\\\/www.nestwaerme.org\\\/lu\\\/kinderhospiz\\\/#breadcrumb\"},\"inLanguage\":\"de\",\"potentialAction\":[{\"@type\":\"ReadAction\",\"target\":[\"https:\\\/\\\/www.nestwaerme.org\\\/lu\\\/kinderhospiz\\\/\"]}]},{\"@type\":\"ImageObject\",\"inLanguage\":\"de\",\"@id\":\"https:\\\/\\\/www.nestwaerme.org\\\/lu\\\/kinderhospiz\\\/#primaryimage\",\"url\":\"https:\\\/\\\/www.nestwaerme.org\\\/lu\\\/wp-content\\\/uploads\\\/sites\\\/4\\\/2023\\\/09\\\/headerbild_Kinderhospiz_stationaer.jpg\",\"contentUrl\":\"https:\\\/\\\/www.nestwaerme.org\\\/lu\\\/wp-content\\\/uploads\\\/sites\\\/4\\\/2023\\\/09\\\/headerbild_Kinderhospiz_stationaer.jpg\",\"width\":2400,\"height\":1600},{\"@type\":\"BreadcrumbList\",\"@id\":\"https:\\\/\\\/www.nestwaerme.org\\\/lu\\\/kinderhospiz\\\/#breadcrumb\",\"itemListElement\":[{\"@type\":\"ListItem\",\"position\":1,\"name\":\"Startseite\",\"item\":\"https:\\\/\\\/www.nestwaerme.org\\\/lu\\\/\"},{\"@type\":\"ListItem\",\"position\":2,\"name\":\"Kinderhospiz (station\u00e4r)\"}]},{\"@type\":\"WebSite\",\"@id\":\"https:\\\/\\\/www.nestwaerme.org\\\/lu\\\/#website\",\"url\":\"https:\\\/\\\/www.nestwaerme.org\\\/lu\\\/\",\"name\":\"nestw\u00e4rme Luxemburg\",\"description\":\"\",\"potentialAction\":[{\"@type\":\"SearchAction\",\"target\":{\"@type\":\"EntryPoint\",\"urlTemplate\":\"https:\\\/\\\/www.nestwaerme.org\\\/lu\\\/?s={search_term_string}\"},\"query-input\":{\"@type\":\"PropertyValueSpecification\",\"valueRequired\":true,\"valueName\":\"search_term_string\"}}],\"inLanguage\":\"de\"}]}<\/script>\n<!-- \/ Yoast SEO plugin. -->","yoast_head_json":{"title":"Kinderhospiz (station\u00e4r) - nestw\u00e4rme Luxemburg","description":"Wir entwickeln neue Formen eines voll- und teilstation\u00e4ren Kinder- und Jugendhospizes f\u00fcr hochbelastete Familien mit ihren kranken Kindern.","robots":{"index":"noindex","follow":"follow","max-snippet":"max-snippet:-1","max-image-preview":"max-image-preview:large","max-video-preview":"max-video-preview:-1"},"og_locale":"de_DE","og_type":"article","og_title":"Kinderhospiz (station\u00e4r) - nestw\u00e4rme Luxemburg","og_description":"Wir entwickeln neue Formen eines voll- und teilstation\u00e4ren Kinder- und Jugendhospizes f\u00fcr hochbelastete Familien mit ihren kranken Kindern.","og_url":"https:\/\/www.nestwaerme.org\/lu\/kinderhospiz\/","og_site_name":"nestw\u00e4rme Luxemburg","article_modified_time":"2026-04-24T10:17:31+00:00","og_image":[{"width":2400,"height":1600,"url":"https:\/\/www.nestwaerme.org\/lu\/wp-content\/uploads\/sites\/4\/2023\/09\/headerbild_Kinderhospiz_stationaer.jpg","type":"image\/jpeg"}],"twitter_card":"summary_large_image","twitter_misc":{"Gesch\u00e4tzte Lesezeit":"5\u00a0Minuten"},"schema":{"@context":"https:\/\/schema.org","@graph":[{"@type":"WebPage","@id":"https:\/\/www.nestwaerme.org\/lu\/kinderhospiz\/","url":"https:\/\/www.nestwaerme.org\/lu\/kinderhospiz\/","name":"Kinderhospiz (station\u00e4r) - nestw\u00e4rme Luxemburg","isPartOf":{"@id":"https:\/\/www.nestwaerme.org\/lu\/#website"},"primaryImageOfPage":{"@id":"https:\/\/www.nestwaerme.org\/lu\/kinderhospiz\/#primaryimage"},"image":{"@id":"https:\/\/www.nestwaerme.org\/lu\/kinderhospiz\/#primaryimage"},"thumbnailUrl":"https:\/\/www.nestwaerme.org\/lu\/wp-content\/uploads\/sites\/4\/2023\/09\/headerbild_Kinderhospiz_stationaer.jpg","datePublished":"2023-08-29T06:56:05+00:00","dateModified":"2026-04-24T10:17:31+00:00","description":"Wir entwickeln neue Formen eines voll- und teilstation\u00e4ren Kinder- und Jugendhospizes f\u00fcr hochbelastete Familien mit ihren kranken Kindern.","breadcrumb":{"@id":"https:\/\/www.nestwaerme.org\/lu\/kinderhospiz\/#breadcrumb"},"inLanguage":"de","potentialAction":[{"@type":"ReadAction","target":["https:\/\/www.nestwaerme.org\/lu\/kinderhospiz\/"]}]},{"@type":"ImageObject","inLanguage":"de","@id":"https:\/\/www.nestwaerme.org\/lu\/kinderhospiz\/#primaryimage","url":"https:\/\/www.nestwaerme.org\/lu\/wp-content\/uploads\/sites\/4\/2023\/09\/headerbild_Kinderhospiz_stationaer.jpg","contentUrl":"https:\/\/www.nestwaerme.org\/lu\/wp-content\/uploads\/sites\/4\/2023\/09\/headerbild_Kinderhospiz_stationaer.jpg","width":2400,"height":1600},{"@type":"BreadcrumbList","@id":"https:\/\/www.nestwaerme.org\/lu\/kinderhospiz\/#breadcrumb","itemListElement":[{"@type":"ListItem","position":1,"name":"Startseite","item":"https:\/\/www.nestwaerme.org\/lu\/"},{"@type":"ListItem","position":2,"name":"Kinderhospiz (station\u00e4r)"}]},{"@type":"WebSite","@id":"https:\/\/www.nestwaerme.org\/lu\/#website","url":"https:\/\/www.nestwaerme.org\/lu\/","name":"nestw\u00e4rme Luxemburg","description":"","potentialAction":[{"@type":"SearchAction","target":{"@type":"EntryPoint","urlTemplate":"https:\/\/www.nestwaerme.org\/lu\/?s={search_term_string}"},"query-input":{"@type":"PropertyValueSpecification","valueRequired":true,"valueName":"search_term_string"}}],"inLanguage":"de"}]}},"_links":{"self":[{"href":"https:\/\/www.nestwaerme.org\/lu\/wp-json\/wp\/v2\/pages\/298","targetHints":{"allow":["GET"]}}],"collection":[{"href":"https:\/\/www.nestwaerme.org\/lu\/wp-json\/wp\/v2\/pages"}],"about":[{"href":"https:\/\/www.nestwaerme.org\/lu\/wp-json\/wp\/v2\/types\/page"}],"author":[{"embeddable":true,"href":"https:\/\/www.nestwaerme.org\/lu\/wp-json\/wp\/v2\/users\/3"}],"replies":[{"embeddable":true,"href":"https:\/\/www.nestwaerme.org\/lu\/wp-json\/wp\/v2\/comments?post=298"}],"version-history":[{"count":23,"href":"https:\/\/www.nestwaerme.org\/lu\/wp-json\/wp\/v2\/pages\/298\/revisions"}],"predecessor-version":[{"id":1052,"href":"https:\/\/www.nestwaerme.org\/lu\/wp-json\/wp\/v2\/pages\/298\/revisions\/1052"}],"wp:featuredmedia":[{"embeddable":true,"href":"https:\/\/www.nestwaerme.org\/lu\/wp-json\/wp\/v2\/media\/299"}],"wp:attachment":[{"href":"https:\/\/www.nestwaerme.org\/lu\/wp-json\/wp\/v2\/media?parent=298"}],"curies":[{"name":"wp","href":"https:\/\/api.w.org\/{rel}","templated":true}]}}