{"id":329,"date":"2023-08-26T15:30:56","date_gmt":"2023-08-26T13:30:56","guid":{"rendered":"https:\/\/www.nestwaerme.org\/?page_id=1150"},"modified":"2024-11-15T13:56:43","modified_gmt":"2024-11-15T12:56:43","slug":"nestwaerme-erleben","status":"publish","type":"page","link":"https:\/\/www.nestwaerme.org\/lu\/freizeit\/nestwaerme-erleben\/","title":{"rendered":"nestw\u00e4rme erleben"},"content":{"rendered":"\n<h2 class=\"wp-block-heading\">Gemeinschaft sp\u00fcren<\/h2>\n\n\n\n<p>Mal- und Bastelworkshops, Meditation oder Yoga. Das sind ein paar Beispiele unserer inklusiven Online-Events f\u00fcr Familien mit beeintr\u00e4chtigten Kindern, bei denen das Gef\u00fchl von nestw\u00e4rme erlebbar wird. Mit unterschiedlichen Angeboten bringen wir kurzfristig Entlastung in euren Alltag, bieten Raum f\u00fcr Selbstf\u00fcrsorge und Achtsamkeit.<\/p>\n\n\n\n<div class=\"wp-block-columns is-layout-flex wp-container-core-columns-is-layout-28f84493 wp-block-columns-is-layout-flex\">\n<div class=\"wp-block-column is-layout-flow wp-block-column-is-layout-flow\">\n<figure class=\"wp-block-image size-full\"><img loading=\"lazy\" decoding=\"async\" width=\"1024\" height=\"768\" src=\"https:\/\/www.nestwaerme.org\/lu\/wp-content\/uploads\/sites\/4\/2024\/11\/Image-1.jpeg\" alt=\"\" class=\"wp-image-863\" srcset=\"https:\/\/www.nestwaerme.org\/lu\/wp-content\/uploads\/sites\/4\/2024\/11\/Image-1.jpeg 1024w, https:\/\/www.nestwaerme.org\/lu\/wp-content\/uploads\/sites\/4\/2024\/11\/Image-1-300x225.jpeg 300w, https:\/\/www.nestwaerme.org\/lu\/wp-content\/uploads\/sites\/4\/2024\/11\/Image-1-768x576.jpeg 768w, https:\/\/www.nestwaerme.org\/lu\/wp-content\/uploads\/sites\/4\/2024\/11\/Image-1-521x391.jpeg 521w, https:\/\/www.nestwaerme.org\/lu\/wp-content\/uploads\/sites\/4\/2024\/11\/Image-1-431x323.jpeg 431w, https:\/\/www.nestwaerme.org\/lu\/wp-content\/uploads\/sites\/4\/2024\/11\/Image-1-673x505.jpeg 673w, https:\/\/www.nestwaerme.org\/lu\/wp-content\/uploads\/sites\/4\/2024\/11\/Image-1-780x585.jpeg 780w\" sizes=\"auto, (max-width: 800px) 100vw, 800px\" \/><\/figure>\n<\/div>\n\n\n\n<div class=\"wp-block-column is-layout-flow wp-block-column-is-layout-flow\">\n<figure class=\"wp-block-image size-full\"><img loading=\"lazy\" decoding=\"async\" width=\"1024\" height=\"768\" src=\"https:\/\/www.nestwaerme.org\/lu\/wp-content\/uploads\/sites\/4\/2024\/11\/Image.jpeg\" alt=\"\" class=\"wp-image-864\" srcset=\"https:\/\/www.nestwaerme.org\/lu\/wp-content\/uploads\/sites\/4\/2024\/11\/Image.jpeg 1024w, https:\/\/www.nestwaerme.org\/lu\/wp-content\/uploads\/sites\/4\/2024\/11\/Image-300x225.jpeg 300w, https:\/\/www.nestwaerme.org\/lu\/wp-content\/uploads\/sites\/4\/2024\/11\/Image-768x576.jpeg 768w, https:\/\/www.nestwaerme.org\/lu\/wp-content\/uploads\/sites\/4\/2024\/11\/Image-521x391.jpeg 521w, https:\/\/www.nestwaerme.org\/lu\/wp-content\/uploads\/sites\/4\/2024\/11\/Image-431x323.jpeg 431w, https:\/\/www.nestwaerme.org\/lu\/wp-content\/uploads\/sites\/4\/2024\/11\/Image-673x505.jpeg 673w, https:\/\/www.nestwaerme.org\/lu\/wp-content\/uploads\/sites\/4\/2024\/11\/Image-780x585.jpeg 780w\" sizes=\"auto, (max-width: 800px) 100vw, 800px\" \/><\/figure>\n<\/div>\n<\/div>\n\n\n\n<h2 class=\"wp-block-heading\">Programm Winter 2024\/25<\/h2>\n\n\n\n\n\n\n<div class=\"wp-block-buttons is-content-justification-center is-layout-flex wp-container-core-buttons-is-layout-a89b3969 wp-block-buttons-is-layout-flex\">\n<div class=\"wp-block-button is-style-secondary-xl\"><a class=\"wp-block-button__link wp-element-button\" href=\"https:\/\/www.nestwaerme.org\/lu\/wp-content\/uploads\/sites\/4\/2024\/11\/nestwaerme-erleben-_Winter-2024.pdf\"><svg width=\"21\" height=\"21\" aria-hidden=\"true\" role=\"img\" focusable=\"false\"><use href=\"#utility-arrow-right-heavy\"><\/use><\/svg>Hier findest du das Programm als PDF zum runterladen<\/a><\/div>\n<\/div>\n\n\n\n<hr class=\"wp-block-separator has-alpha-channel-opacity\"\/>\n\n\n\n<h2 class=\"wp-block-heading\">Deine Ideen sind gefragt<\/h2>\n\n\n\n<p>Alle Events werden von ehrenamtliche Engagierten, teilweise gemeinsam mit Kooperationspartner:innen, begleitet.<\/p>\n\n\n\n<p>Wenn du eine Sache gut kannst und schon immer mal mit anderen online teilen wolltest, dann melde dich doch einfach unverbindlich und wir besprechen alles Weitere.<\/p>\n\n\n\n<p>Hier kannst du dein Talent und K\u00f6nnen mit anderen teilen, zum Beispiel:<\/p>\n\n\n\n<ul class=\"wp-block-list\">\n<li>auf der kreativen Ebene<\/li>\n\n\n\n<li>eine bestimmte Bewegungs- oder Entspannungstechnik, die die Gesundheit f\u00f6rdert<\/li>\n\n\n\n<li>eine andere Kunst, das kann auch etwas seltenes sein (z. B. Pantomime)<\/li>\n\n\n\n<li>ein bestimmtes Spiel, das sich online gut mit Kindern spielen l\u00e4sst<\/li>\n\n\n\n<li>uvm.<\/li>\n<\/ul>\n\n\n\n<blockquote class=\"wp-block-quote is-layout-flow wp-block-quote-is-layout-flow\"><div class=\"wp-block-quote__inner\">\n<p>&#8230;Veranstaltungen wie diese [sind] f\u00fcr uns von unsch\u00e4tzbarem Wert &#8211; Balsam f\u00fcr die Seele und wirklich &#8222;Mutmacher&#8220; &#8211; f\u00fcr ihn [mein Kind] und auch f\u00fcr uns: einfach mal den Kopf frei bekommen, kreativ werden und merken, dass man nicht allein ist&#8230;.davon w\u00fcnsche ich ihm (und auch uns als Eltern) noch ganz viele in der Zukunft!<\/p>\n<cite>Mutter eines sechsj\u00e4hrigen Kindes mit schwerer Skoliose<\/cite><\/div><\/blockquote>\n\n\n\n<p>Wir sind offen f\u00fcr Vieles und m\u00f6chten ein buntes und abwechslungsreiches Programm f\u00fcr die ganze Familie sowie unsere ehrenamtlich Engagierten zusammenstellen.<\/p>\n\n\n\n<p>Eine kleine Auszeit vom Alltag.<\/p>\n\n\n\n<p>F\u00fcll einfach das Formular aus und wir melden uns bei dir via Email zur\u00fcck.<\/p>\n\n\n\n<hr class=\"wp-block-separator has-alpha-channel-opacity\"\/>\n\n\n\n<div class=\"wp-block-columns is-layout-flex wp-container-core-columns-is-layout-28f84493 wp-block-columns-is-layout-flex\">\n<div class=\"wp-block-column is-layout-flow wp-block-column-is-layout-flow\" style=\"flex-basis:25%\"><\/div>\n\n\n\n<div class=\"wp-block-column is-layout-flow wp-block-column-is-layout-flow\" style=\"flex-basis:50%\">\n<!-- Begin Brevo Form --> <!-- START - We recommend to place the below code in head tag of your website html  --> <style>   @font-face {     font-display: block;     font-family: Roboto;     src: url(https:\/\/assets.brevo.com\/font\/Roboto\/Latin\/normal\/normal\/7529907e9eaf8ebb5220c5f9850e3811.woff2) format(\"woff2\"), url(https:\/\/assets.brevo.com\/font\/Roboto\/Latin\/normal\/normal\/25c678feafdc175a70922a116c9be3e7.woff) format(\"woff\")   }   @font-face {     font-display: fallback;     font-family: Roboto;     font-weight: 600;     src: url(https:\/\/assets.brevo.com\/font\/Roboto\/Latin\/medium\/normal\/6e9caeeafb1f3491be3e32744bc30440.woff2) format(\"woff2\"), url(https:\/\/assets.brevo.com\/font\/Roboto\/Latin\/medium\/normal\/71501f0d8d5aa95960f6475d5487d4c2.woff) format(\"woff\")   }   @font-face {     font-display: fallback;     font-family: Roboto;     font-weight: 700;     src: url(https:\/\/assets.brevo.com\/font\/Roboto\/Latin\/bold\/normal\/3ef7cf158f310cf752d5ad08cd0e7e60.woff2) format(\"woff2\"), url(https:\/\/assets.brevo.com\/font\/Roboto\/Latin\/bold\/normal\/ece3a1d82f18b60bcce0211725c476aa.woff) format(\"woff\")   }   #sib-container input:-ms-input-placeholder {     text-align: left;     font-family: \"Helvetica\", sans-serif;     color: #c0ccda;   }   #sib-container input::placeholder {     text-align: left;     font-family: \"Helvetica\", sans-serif;     color: #c0ccda;   }   #sib-container a {     text-decoration: underline;     color: #2BB2FC;   } <\/style> <link rel=\"stylesheet\" href=\"https:\/\/sibforms.com\/forms\/end-form\/build\/sib-styles.css\"> <!--  END - We recommend to place the above code in head tag of your website html --> <!-- START - We recommend to place the below code where you want the form in your website html  --> <div class=\"sib-form\" style=\"text-align: center;          background-color: #f2e8de;                                           \">   <div id=\"sib-form-container\" class=\"sib-form-container\">     <div id=\"sib-container\" class=\"sib-container--large sib-container--vertical\" style=\"text-align:center; background-color:rgba(255,255,255,1); max-width:540px; border-radius:3px; border-width:1px; border-color:#C0CCD9; border-style:solid;\">       <form id=\"sib-form\" method=\"POST\" action=\"https:\/\/233db1b9.sibforms.com\/serve\/MUIFALNBMCnAJMGpEvUEnnMr0HAFTTsNaJ9kH1p9EzkJRdR0Jq6SCNC-8DMa6nlyae16a8_wADi8mUYZ9VNEv3fdfe4wApShmBFC0pBfHLYJqojEYDv583Z-vSL3KLSNEeeJMdsaaYDA4MOC1zx0rsySMk_VDlXioSSqjZczlT81uJ-TnwJSY7jVMXVap49NdUU6ZTsOJCuXJ7xM\">         <div style=\"padding: 8px 0;\">           <div class=\"sib-form-block\" style=\"font-size:25px; text-align:left; font-weight:700; font-family:&quot;Helvetica&quot;, sans-serif; color:#3C4858; background-color:transparent; text-align:left\">             <p>nestw\u00e4rme erleben &#8211; dein Vorschlag<\/p>           <\/div>         <\/div>         <div style=\"padding: 8px 0;\">           <div class=\"sib-form-block\" style=\"font-size:16px; text-align:left; font-family:&quot;Helvetica&quot;, sans-serif; color:#3C4858; background-color:transparent; text-align:left\">             <div class=\"sib-text-form-block\">               <p>Sch\u00f6n, dass du eine eigene Idee f\u00fcr das Programm nestw\u00e4rme erleben Herbst \/ Winter 2024 hast. Sag uns bitte kurz wer du bist und was du in das Programm f\u00fcr Familien und Engagierte einbringen m\u00f6chtest.<\/p>             <\/div>           <\/div>         <\/div>         <div style=\"padding: 8px 0;\">           <div class=\"sib-input sib-form-block\">             <div class=\"form__entry entry_block\">               <div class=\"form__label-row \">                 <label class=\"entry__label\" style=\"font-weight: 700; text-align:left; font-size:16px; text-align:left; font-weight:700; font-family:&quot;Helvetica&quot;, sans-serif; color:#3c4858;\" for=\"VORNAME\" data-required=\"*\">VORNAME<\/label>                 <div class=\"entry__field\">                   <input class=\"input \" maxlength=\"200\" type=\"text\" id=\"VORNAME\" name=\"VORNAME\" autocomplete=\"off\" placeholder=\"VORNAME\" data-required=\"true\" required \/>                 <\/div>               <\/div>               <label class=\"entry__error entry__error--primary\" style=\"font-size:16px; text-align:left; font-family:&quot;Helvetica&quot;, sans-serif; color:#661d1d; background-color:#ffeded; border-radius:3px; border-color:#ff4949;\">               <\/label>             <\/div>           <\/div>         <\/div>         <div style=\"padding: 8px 0;\">           <div class=\"sib-input sib-form-block\">             <div class=\"form__entry entry_block\">               <div class=\"form__label-row \">                 <label class=\"entry__label\" style=\"font-weight: 700; text-align:left; font-size:16px; text-align:left; font-weight:700; font-family:&quot;Helvetica&quot;, sans-serif; color:#3c4858;\" for=\"NACHNAME\" data-required=\"*\">NACHNAME<\/label>                 <div class=\"entry__field\">                   <input class=\"input \" maxlength=\"200\" type=\"text\" id=\"NACHNAME\" name=\"NACHNAME\" autocomplete=\"off\" placeholder=\"NACHNAME\" data-required=\"true\" required \/>                 <\/div>               <\/div>               <label class=\"entry__error entry__error--primary\" style=\"font-size:16px; text-align:left; font-family:&quot;Helvetica&quot;, sans-serif; color:#661d1d; background-color:#ffeded; border-radius:3px; border-color:#ff4949;\">               <\/label>             <\/div>           <\/div>         <\/div>         <div style=\"padding: 8px 0;\">           <div class=\"sib-input sib-form-block\">             <div class=\"form__entry entry_block\">               <div class=\"form__label-row \">                 <label class=\"entry__label\" style=\"font-weight: 700; text-align:left; font-size:16px; text-align:left; font-weight:700; font-family:&quot;Helvetica&quot;, sans-serif; color:#3c4858;\" for=\"EMAIL\" data-required=\"*\">EMAIL<\/label>                 <div class=\"entry__field\">                   <input class=\"input \" type=\"text\" id=\"EMAIL\" name=\"EMAIL\" autocomplete=\"off\" placeholder=\"EMAIL\" data-required=\"true\" required \/>                 <\/div>               <\/div>               <label class=\"entry__error entry__error--primary\" style=\"font-size:16px; text-align:left; font-family:&quot;Helvetica&quot;, sans-serif; color:#661d1d; background-color:#ffeded; border-radius:3px; border-color:#ff4949;\">               <\/label>             <\/div>           <\/div>         <\/div>         <div style=\"padding: 8px 0;\">           <div class=\"sib-input sib-form-block\">             <div class=\"form__entry entry_block\">               <div class=\"form__label-row \">                 <label class=\"entry__label\" style=\"font-weight: 700; text-align:left; font-size:16px; text-align:left; font-weight:700; font-family:&quot;Helvetica&quot;, sans-serif; color:#3c4858;\" for=\"MITTEILUNG\">MITTEILUNG<\/label>                 <div class=\"entry__field\">                   <input class=\"input \" maxlength=\"200\" type=\"text\" id=\"MITTEILUNG\" name=\"MITTEILUNG\" autocomplete=\"off\" placeholder=\"MITTEILUNG\" \/>                 <\/div>               <\/div>               <label class=\"entry__error entry__error--primary\" style=\"font-size:16px; text-align:left; font-family:&quot;Helvetica&quot;, sans-serif; color:#661d1d; background-color:#ffeded; border-radius:3px; border-color:#ff4949;\">               <\/label>             <\/div>           <\/div>         <\/div>         <div style=\"padding: 8px 0;\">           <div class=\"sib-form-block\" style=\"text-align: left\">             <button class=\"sib-form-block__button sib-form-block__button-with-loader\" style=\"font-size:16px; text-align:left; font-weight:700; font-family:&quot;Helvetica&quot;, sans-serif; color:#FFFFFF; background-color:#3E4857; border-radius:3px; border-width:0px;\" form=\"sib-form\" type=\"submit\">               <svg class=\"icon clickable__icon progress-indicator__icon sib-hide-loader-icon\" viewBox=\"0 0 512 512\">                 <path d=\"M460.116 373.846l-20.823-12.022c-5.541-3.199-7.54-10.159-4.663-15.874 30.137-59.886 28.343-131.652-5.386-189.946-33.641-58.394-94.896-95.833-161.827-99.676C261.028 55.961 256 50.751 256 44.352V20.309c0-6.904 5.808-12.337 12.703-11.982 83.556 4.306 160.163 50.864 202.11 123.677 42.063 72.696 44.079 162.316 6.031 236.832-3.14 6.148-10.75 8.461-16.728 5.01z\" \/>               <\/svg>               ANMELDEN             <\/button>           <\/div>         <\/div>         <input type=\"text\" name=\"email_address_check\" value=\"\" class=\"input--hidden\">         <input type=\"hidden\" name=\"locale\" value=\"de\">         <input type=\"hidden\" name=\"html_type\" value=\"simple\">       <\/form>     <\/div>   <\/div> <\/div> <!-- END - We recommend to place the above code where you want the form in your website html  --> <!-- End Brevo Form -->\n<\/div>\n\n\n\n<div class=\"wp-block-column is-layout-flow wp-block-column-is-layout-flow\" style=\"flex-basis:25%\"><\/div>\n<\/div>\n\n\n\n<hr class=\"wp-block-separator has-alpha-channel-opacity\"\/>\n\n\n\n\n\t\n\n<div class=\"c-cta alignfull\" >\t\n\t<div class=\"c-cta__inner\">\t\n\t\t<div class=\"c-cta__content\">\t\t\t\n\t\t\t\t\t\t\t\n\t\t\t<div class=\"c-cta__text\">Deine Spende erm\u00f6glicht unsere inklusiven Veranstaltungen und mehr Teilhabe f\u00fcr beeintr\u00e4chtigte Kinder und ihre Familien. <\/div>\t\t\t\t\n\t\t<\/div>\n\t\t\t\t\t\t\t\t\t\t\t\t\n\t\t<div class=\"c-cta__link\">\n<div class=\"wp-block-button aligncenter is-style-black-xl\"><a class=\"wp-block-button__link \" href=\"#popup-TFqyvcUrHE\" target=\"_self\"><svg width=\"21\" height=\"21\" aria-hidden=\"true\" role=\"img\" focusable=\"false\"><use href=\"#utility-arrow-right-heavy\"><\/use><\/svg>Jetzt spenden<\/a><\/div>\n<\/div>\t<\/div>\n<\/div>","protected":false},"excerpt":{"rendered":"<p>Kostenlose Online- und Pr\u00e4senz-Veranstaltungen f\u00fcr Familien mit beeintr\u00e4chtigten Kindern. Begegnung, Spa\u00df, Kreativit\u00e4t, Selbstf\u00fcrsorge.<\/p>\n","protected":false},"author":3,"featured_media":330,"parent":323,"menu_order":704,"comment_status":"open","ping_status":"open","template":"","meta":{"_acf_changed":false,"footnotes":""},"class_list":{"2":"type-page"},"acf":[],"yoast_head":"<!-- This site is optimized with the Yoast SEO plugin v27.4 - https:\/\/yoast.com\/product\/yoast-seo-wordpress\/ -->\n<title>Nestw\u00e4rme erleben \u2013 inklusive Events - nestw\u00e4rme Luxemburg<\/title>\n<meta name=\"description\" content=\"Kostenlose Online- und Pr\u00e4senz-Veranstaltungen f\u00fcr Familien mit beeintr\u00e4chtigten Kindern. Begegnung, Spa\u00df, Kreativit\u00e4t, Gemeinschaft.\" \/>\n<meta name=\"robots\" content=\"noindex, follow, max-snippet:-1, max-image-preview:large, max-video-preview:-1\" \/>\n<meta property=\"og:locale\" content=\"de_DE\" \/>\n<meta property=\"og:type\" content=\"article\" \/>\n<meta property=\"og:title\" content=\"Nestw\u00e4rme erleben \u2013 inklusive Events - nestw\u00e4rme Luxemburg\" \/>\n<meta property=\"og:description\" content=\"Kostenlose Online- und Pr\u00e4senz-Veranstaltungen f\u00fcr Familien mit beeintr\u00e4chtigten Kindern. Begegnung, Spa\u00df, Kreativit\u00e4t, Gemeinschaft.\" \/>\n<meta property=\"og:url\" content=\"https:\/\/www.nestwaerme.org\/lu\/freizeit\/nestwaerme-erleben\/\" \/>\n<meta property=\"og:site_name\" content=\"nestw\u00e4rme Luxemburg\" \/>\n<meta property=\"article:modified_time\" content=\"2024-11-15T12:56:43+00:00\" \/>\n<meta property=\"og:image\" content=\"https:\/\/www.nestwaerme.org\/lu\/wp-content\/uploads\/sites\/4\/2023\/09\/Headerbild_nestwaerme-erleben_2.jpg\" \/>\n\t<meta property=\"og:image:width\" content=\"2400\" \/>\n\t<meta property=\"og:image:height\" content=\"1601\" \/>\n\t<meta property=\"og:image:type\" content=\"image\/jpeg\" \/>\n<meta name=\"twitter:card\" content=\"summary_large_image\" \/>\n<meta name=\"twitter:label1\" content=\"Gesch\u00e4tzte Lesezeit\" \/>\n\t<meta name=\"twitter:data1\" content=\"2\u00a0Minuten\" \/>\n<script type=\"application\/ld+json\" class=\"yoast-schema-graph\">{\"@context\":\"https:\\\/\\\/schema.org\",\"@graph\":[{\"@type\":\"WebPage\",\"@id\":\"https:\\\/\\\/www.nestwaerme.org\\\/lu\\\/freizeit\\\/nestwaerme-erleben\\\/\",\"url\":\"https:\\\/\\\/www.nestwaerme.org\\\/lu\\\/freizeit\\\/nestwaerme-erleben\\\/\",\"name\":\"Nestw\u00e4rme erleben \u2013 inklusive Events - nestw\u00e4rme Luxemburg\",\"isPartOf\":{\"@id\":\"https:\\\/\\\/www.nestwaerme.org\\\/lu\\\/#website\"},\"primaryImageOfPage\":{\"@id\":\"https:\\\/\\\/www.nestwaerme.org\\\/lu\\\/freizeit\\\/nestwaerme-erleben\\\/#primaryimage\"},\"image\":{\"@id\":\"https:\\\/\\\/www.nestwaerme.org\\\/lu\\\/freizeit\\\/nestwaerme-erleben\\\/#primaryimage\"},\"thumbnailUrl\":\"https:\\\/\\\/www.nestwaerme.org\\\/lu\\\/wp-content\\\/uploads\\\/sites\\\/4\\\/2023\\\/09\\\/Headerbild_nestwaerme-erleben_2.jpg\",\"datePublished\":\"2023-08-26T13:30:56+00:00\",\"dateModified\":\"2024-11-15T12:56:43+00:00\",\"description\":\"Kostenlose Online- und Pr\u00e4senz-Veranstaltungen f\u00fcr Familien mit beeintr\u00e4chtigten Kindern. Begegnung, Spa\u00df, Kreativit\u00e4t, Gemeinschaft.\",\"breadcrumb\":{\"@id\":\"https:\\\/\\\/www.nestwaerme.org\\\/lu\\\/freizeit\\\/nestwaerme-erleben\\\/#breadcrumb\"},\"inLanguage\":\"de\",\"potentialAction\":[{\"@type\":\"ReadAction\",\"target\":[\"https:\\\/\\\/www.nestwaerme.org\\\/lu\\\/freizeit\\\/nestwaerme-erleben\\\/\"]}]},{\"@type\":\"ImageObject\",\"inLanguage\":\"de\",\"@id\":\"https:\\\/\\\/www.nestwaerme.org\\\/lu\\\/freizeit\\\/nestwaerme-erleben\\\/#primaryimage\",\"url\":\"https:\\\/\\\/www.nestwaerme.org\\\/lu\\\/wp-content\\\/uploads\\\/sites\\\/4\\\/2023\\\/09\\\/Headerbild_nestwaerme-erleben_2.jpg\",\"contentUrl\":\"https:\\\/\\\/www.nestwaerme.org\\\/lu\\\/wp-content\\\/uploads\\\/sites\\\/4\\\/2023\\\/09\\\/Headerbild_nestwaerme-erleben_2.jpg\",\"width\":2400,\"height\":1601},{\"@type\":\"BreadcrumbList\",\"@id\":\"https:\\\/\\\/www.nestwaerme.org\\\/lu\\\/freizeit\\\/nestwaerme-erleben\\\/#breadcrumb\",\"itemListElement\":[{\"@type\":\"ListItem\",\"position\":1,\"name\":\"Startseite\",\"item\":\"https:\\\/\\\/www.nestwaerme.org\\\/lu\\\/\"},{\"@type\":\"ListItem\",\"position\":2,\"name\":\"Freizeit\",\"item\":\"https:\\\/\\\/www.nestwaerme.org\\\/lu\\\/freizeit\\\/\"},{\"@type\":\"ListItem\",\"position\":3,\"name\":\"nestw\u00e4rme erleben\"}]},{\"@type\":\"WebSite\",\"@id\":\"https:\\\/\\\/www.nestwaerme.org\\\/lu\\\/#website\",\"url\":\"https:\\\/\\\/www.nestwaerme.org\\\/lu\\\/\",\"name\":\"nestw\u00e4rme Luxemburg\",\"description\":\"\",\"potentialAction\":[{\"@type\":\"SearchAction\",\"target\":{\"@type\":\"EntryPoint\",\"urlTemplate\":\"https:\\\/\\\/www.nestwaerme.org\\\/lu\\\/?s={search_term_string}\"},\"query-input\":{\"@type\":\"PropertyValueSpecification\",\"valueRequired\":true,\"valueName\":\"search_term_string\"}}],\"inLanguage\":\"de\"}]}<\/script>\n<!-- \/ Yoast SEO plugin. -->","yoast_head_json":{"title":"Nestw\u00e4rme erleben \u2013 inklusive Events - nestw\u00e4rme Luxemburg","description":"Kostenlose Online- und Pr\u00e4senz-Veranstaltungen f\u00fcr Familien mit beeintr\u00e4chtigten Kindern. Begegnung, Spa\u00df, Kreativit\u00e4t, Gemeinschaft.","robots":{"index":"noindex","follow":"follow","max-snippet":"max-snippet:-1","max-image-preview":"max-image-preview:large","max-video-preview":"max-video-preview:-1"},"og_locale":"de_DE","og_type":"article","og_title":"Nestw\u00e4rme erleben \u2013 inklusive Events - nestw\u00e4rme Luxemburg","og_description":"Kostenlose Online- und Pr\u00e4senz-Veranstaltungen f\u00fcr Familien mit beeintr\u00e4chtigten Kindern. Begegnung, Spa\u00df, Kreativit\u00e4t, Gemeinschaft.","og_url":"https:\/\/www.nestwaerme.org\/lu\/freizeit\/nestwaerme-erleben\/","og_site_name":"nestw\u00e4rme Luxemburg","article_modified_time":"2024-11-15T12:56:43+00:00","og_image":[{"width":2400,"height":1601,"url":"https:\/\/www.nestwaerme.org\/lu\/wp-content\/uploads\/sites\/4\/2023\/09\/Headerbild_nestwaerme-erleben_2.jpg","type":"image\/jpeg"}],"twitter_card":"summary_large_image","twitter_misc":{"Gesch\u00e4tzte Lesezeit":"2\u00a0Minuten"},"schema":{"@context":"https:\/\/schema.org","@graph":[{"@type":"WebPage","@id":"https:\/\/www.nestwaerme.org\/lu\/freizeit\/nestwaerme-erleben\/","url":"https:\/\/www.nestwaerme.org\/lu\/freizeit\/nestwaerme-erleben\/","name":"Nestw\u00e4rme erleben \u2013 inklusive Events - nestw\u00e4rme Luxemburg","isPartOf":{"@id":"https:\/\/www.nestwaerme.org\/lu\/#website"},"primaryImageOfPage":{"@id":"https:\/\/www.nestwaerme.org\/lu\/freizeit\/nestwaerme-erleben\/#primaryimage"},"image":{"@id":"https:\/\/www.nestwaerme.org\/lu\/freizeit\/nestwaerme-erleben\/#primaryimage"},"thumbnailUrl":"https:\/\/www.nestwaerme.org\/lu\/wp-content\/uploads\/sites\/4\/2023\/09\/Headerbild_nestwaerme-erleben_2.jpg","datePublished":"2023-08-26T13:30:56+00:00","dateModified":"2024-11-15T12:56:43+00:00","description":"Kostenlose Online- und Pr\u00e4senz-Veranstaltungen f\u00fcr Familien mit beeintr\u00e4chtigten Kindern. Begegnung, Spa\u00df, Kreativit\u00e4t, Gemeinschaft.","breadcrumb":{"@id":"https:\/\/www.nestwaerme.org\/lu\/freizeit\/nestwaerme-erleben\/#breadcrumb"},"inLanguage":"de","potentialAction":[{"@type":"ReadAction","target":["https:\/\/www.nestwaerme.org\/lu\/freizeit\/nestwaerme-erleben\/"]}]},{"@type":"ImageObject","inLanguage":"de","@id":"https:\/\/www.nestwaerme.org\/lu\/freizeit\/nestwaerme-erleben\/#primaryimage","url":"https:\/\/www.nestwaerme.org\/lu\/wp-content\/uploads\/sites\/4\/2023\/09\/Headerbild_nestwaerme-erleben_2.jpg","contentUrl":"https:\/\/www.nestwaerme.org\/lu\/wp-content\/uploads\/sites\/4\/2023\/09\/Headerbild_nestwaerme-erleben_2.jpg","width":2400,"height":1601},{"@type":"BreadcrumbList","@id":"https:\/\/www.nestwaerme.org\/lu\/freizeit\/nestwaerme-erleben\/#breadcrumb","itemListElement":[{"@type":"ListItem","position":1,"name":"Startseite","item":"https:\/\/www.nestwaerme.org\/lu\/"},{"@type":"ListItem","position":2,"name":"Freizeit","item":"https:\/\/www.nestwaerme.org\/lu\/freizeit\/"},{"@type":"ListItem","position":3,"name":"nestw\u00e4rme erleben"}]},{"@type":"WebSite","@id":"https:\/\/www.nestwaerme.org\/lu\/#website","url":"https:\/\/www.nestwaerme.org\/lu\/","name":"nestw\u00e4rme Luxemburg","description":"","potentialAction":[{"@type":"SearchAction","target":{"@type":"EntryPoint","urlTemplate":"https:\/\/www.nestwaerme.org\/lu\/?s={search_term_string}"},"query-input":{"@type":"PropertyValueSpecification","valueRequired":true,"valueName":"search_term_string"}}],"inLanguage":"de"}]}},"_links":{"self":[{"href":"https:\/\/www.nestwaerme.org\/lu\/wp-json\/wp\/v2\/pages\/329","targetHints":{"allow":["GET"]}}],"collection":[{"href":"https:\/\/www.nestwaerme.org\/lu\/wp-json\/wp\/v2\/pages"}],"about":[{"href":"https:\/\/www.nestwaerme.org\/lu\/wp-json\/wp\/v2\/types\/page"}],"author":[{"embeddable":true,"href":"https:\/\/www.nestwaerme.org\/lu\/wp-json\/wp\/v2\/users\/3"}],"replies":[{"embeddable":true,"href":"https:\/\/www.nestwaerme.org\/lu\/wp-json\/wp\/v2\/comments?post=329"}],"version-history":[{"count":24,"href":"https:\/\/www.nestwaerme.org\/lu\/wp-json\/wp\/v2\/pages\/329\/revisions"}],"predecessor-version":[{"id":870,"href":"https:\/\/www.nestwaerme.org\/lu\/wp-json\/wp\/v2\/pages\/329\/revisions\/870"}],"up":[{"embeddable":true,"href":"https:\/\/www.nestwaerme.org\/lu\/wp-json\/wp\/v2\/pages\/323"}],"wp:featuredmedia":[{"embeddable":true,"href":"https:\/\/www.nestwaerme.org\/lu\/wp-json\/wp\/v2\/media\/330"}],"wp:attachment":[{"href":"https:\/\/www.nestwaerme.org\/lu\/wp-json\/wp\/v2\/media?parent=329"}],"curies":[{"name":"wp","href":"https:\/\/api.w.org\/{rel}","templated":true}]}}