{"id":965,"date":"2025-04-10T08:01:48","date_gmt":"2025-04-10T06:01:48","guid":{"rendered":"https:\/\/www.nestwaerme.org\/lu\/?page_id=965"},"modified":"2025-04-10T08:56:02","modified_gmt":"2025-04-10T06:56:02","slug":"akademie","status":"publish","type":"page","link":"https:\/\/www.nestwaerme.org\/lu\/akademie\/","title":{"rendered":"Akademie"},"content":{"rendered":"\n<p>Die nestw\u00e4rme Akademie ist eine internationale Bildungseinrichtung f\u00fcr Eltern, An- und Zugeh\u00f6rige, Kinder, Jugendliche, junge Erwachsene, Ehrenamtliche und Fachleute. Sie erm\u00f6glicht individuelles sowie gemeinsames Lernen, pers\u00f6nliche Entwicklung, Begegnung und Unterst\u00fctzung in allen Lebensphasen.<\/p>\n\n\n\n<p>Wir bieten Angebote und Begegnungsr\u00e4ume, die ein &#8222;Von-einander-lernen\u201c, ein &#8222;Mit-einander-gestalten&#8220; und ein &#8222;F\u00fcr-einander-sorgen\u201c erm\u00f6glichen.<\/p>\n\n\n\n<p>&#8211;<\/p>\n\n\n\n<p>L&#8217;Acad\u00e9mie nestw\u00e4rme est un \u00e9tablissement d&#8217;enseignement international pour les parents, les proches et les enfants, adolescents, jeunes adultes, b\u00e9n\u00e9voles et professionnels. Elle permet l&#8217;apprentissage individuel et collectif, le d\u00e9veloppement personnel, rencontre et soutien dans toutes les phases de la vie. <\/p>\n\n\n\n<p>Nous proposons des offres et des espaces de rencontre qui permettent d&#8217;\u00ab apprendre les uns des autres \u00bb, de \u00ab travailler ensemble \u00bb et de \u00ab vivre ensemble \u00bb. Nous nous effor\u00e7ons de rendre possible un apprentissage mutuel et une prise en charge de l&#8217;autre.<\/p>\n","protected":false},"excerpt":{"rendered":"<p>Die nestw\u00e4rme Akademie ist eine internationale Bildungseinrichtung f\u00fcr Eltern, An- und Zugeh\u00f6rige, Kinder, Jugendliche, junge Erwachsene, Ehrenamtliche und Fachleute. Sie erm\u00f6glicht individuelles sowie gemeinsames Lernen, pers\u00f6nliche Entwicklung, Begegnung und Unterst\u00fctzung in allen Lebensphasen. Wir bieten Angebote und Begegnungsr\u00e4ume, die ein &#8222;Von-einander-lernen\u201c, ein &#8222;Mit-einander-gestalten&#8220; und ein &#8222;F\u00fcr-einander-sorgen\u201c erm\u00f6glichen. &#8211; L&#8217;Acad\u00e9mie nestw\u00e4rme est un \u00e9tablissement d&#8217;enseignement international&hellip;<\/p>\n","protected":false},"author":1,"featured_media":0,"parent":0,"menu_order":610,"comment_status":"closed","ping_status":"closed","template":"","meta":{"_acf_changed":false,"footnotes":""},"class_list":{"2":"type-page"},"acf":[],"yoast_head":"<!-- This site is optimized with the Yoast SEO plugin v27.4 - https:\/\/yoast.com\/product\/yoast-seo-wordpress\/ -->\n<title>Akademie - nestw\u00e4rme Luxemburg<\/title>\n<meta name=\"robots\" content=\"noindex, follow, max-snippet:-1, max-image-preview:large, max-video-preview:-1\" \/>\n<meta property=\"og:locale\" content=\"de_DE\" \/>\n<meta property=\"og:type\" content=\"article\" \/>\n<meta property=\"og:title\" content=\"Akademie - nestw\u00e4rme Luxemburg\" \/>\n<meta property=\"og:description\" content=\"Die nestw\u00e4rme Akademie ist eine internationale Bildungseinrichtung f\u00fcr Eltern, An- und Zugeh\u00f6rige, Kinder, Jugendliche, junge Erwachsene, Ehrenamtliche und Fachleute. Sie erm\u00f6glicht individuelles sowie gemeinsames Lernen, pers\u00f6nliche Entwicklung, Begegnung und Unterst\u00fctzung in allen Lebensphasen. Wir bieten Angebote und Begegnungsr\u00e4ume, die ein &#8222;Von-einander-lernen\u201c, ein &#8222;Mit-einander-gestalten&#8220; und ein &#8222;F\u00fcr-einander-sorgen\u201c erm\u00f6glichen. &#8211; L&#8217;Acad\u00e9mie nestw\u00e4rme est un \u00e9tablissement d&#8217;enseignement international&hellip;\" \/>\n<meta property=\"og:url\" content=\"https:\/\/www.nestwaerme.org\/lu\/akademie\/\" \/>\n<meta property=\"og:site_name\" content=\"nestw\u00e4rme Luxemburg\" \/>\n<meta property=\"article:modified_time\" content=\"2025-04-10T06:56:02+00:00\" \/>\n<meta name=\"twitter:card\" content=\"summary_large_image\" \/>\n<meta name=\"twitter:label1\" content=\"Gesch\u00e4tzte Lesezeit\" \/>\n\t<meta name=\"twitter:data1\" content=\"1\u00a0Minute\" \/>\n<script type=\"application\/ld+json\" class=\"yoast-schema-graph\">{\"@context\":\"https:\\\/\\\/schema.org\",\"@graph\":[{\"@type\":\"WebPage\",\"@id\":\"https:\\\/\\\/www.nestwaerme.org\\\/lu\\\/akademie\\\/\",\"url\":\"https:\\\/\\\/www.nestwaerme.org\\\/lu\\\/akademie\\\/\",\"name\":\"Akademie - nestw\u00e4rme Luxemburg\",\"isPartOf\":{\"@id\":\"https:\\\/\\\/www.nestwaerme.org\\\/lu\\\/#website\"},\"datePublished\":\"2025-04-10T06:01:48+00:00\",\"dateModified\":\"2025-04-10T06:56:02+00:00\",\"breadcrumb\":{\"@id\":\"https:\\\/\\\/www.nestwaerme.org\\\/lu\\\/akademie\\\/#breadcrumb\"},\"inLanguage\":\"de\",\"potentialAction\":[{\"@type\":\"ReadAction\",\"target\":[\"https:\\\/\\\/www.nestwaerme.org\\\/lu\\\/akademie\\\/\"]}]},{\"@type\":\"BreadcrumbList\",\"@id\":\"https:\\\/\\\/www.nestwaerme.org\\\/lu\\\/akademie\\\/#breadcrumb\",\"itemListElement\":[{\"@type\":\"ListItem\",\"position\":1,\"name\":\"Startseite\",\"item\":\"https:\\\/\\\/www.nestwaerme.org\\\/lu\\\/\"},{\"@type\":\"ListItem\",\"position\":2,\"name\":\"Akademie\"}]},{\"@type\":\"WebSite\",\"@id\":\"https:\\\/\\\/www.nestwaerme.org\\\/lu\\\/#website\",\"url\":\"https:\\\/\\\/www.nestwaerme.org\\\/lu\\\/\",\"name\":\"nestw\u00e4rme Luxemburg\",\"description\":\"\",\"potentialAction\":[{\"@type\":\"SearchAction\",\"target\":{\"@type\":\"EntryPoint\",\"urlTemplate\":\"https:\\\/\\\/www.nestwaerme.org\\\/lu\\\/?s={search_term_string}\"},\"query-input\":{\"@type\":\"PropertyValueSpecification\",\"valueRequired\":true,\"valueName\":\"search_term_string\"}}],\"inLanguage\":\"de\"}]}<\/script>\n<!-- \/ Yoast SEO plugin. -->","yoast_head_json":{"title":"Akademie - nestw\u00e4rme Luxemburg","robots":{"index":"noindex","follow":"follow","max-snippet":"max-snippet:-1","max-image-preview":"max-image-preview:large","max-video-preview":"max-video-preview:-1"},"og_locale":"de_DE","og_type":"article","og_title":"Akademie - nestw\u00e4rme Luxemburg","og_description":"Die nestw\u00e4rme Akademie ist eine internationale Bildungseinrichtung f\u00fcr Eltern, An- und Zugeh\u00f6rige, Kinder, Jugendliche, junge Erwachsene, Ehrenamtliche und Fachleute. Sie erm\u00f6glicht individuelles sowie gemeinsames Lernen, pers\u00f6nliche Entwicklung, Begegnung und Unterst\u00fctzung in allen Lebensphasen. Wir bieten Angebote und Begegnungsr\u00e4ume, die ein &#8222;Von-einander-lernen\u201c, ein &#8222;Mit-einander-gestalten&#8220; und ein &#8222;F\u00fcr-einander-sorgen\u201c erm\u00f6glichen. &#8211; L&#8217;Acad\u00e9mie nestw\u00e4rme est un \u00e9tablissement d&#8217;enseignement international&hellip;","og_url":"https:\/\/www.nestwaerme.org\/lu\/akademie\/","og_site_name":"nestw\u00e4rme Luxemburg","article_modified_time":"2025-04-10T06:56:02+00:00","twitter_card":"summary_large_image","twitter_misc":{"Gesch\u00e4tzte Lesezeit":"1\u00a0Minute"},"schema":{"@context":"https:\/\/schema.org","@graph":[{"@type":"WebPage","@id":"https:\/\/www.nestwaerme.org\/lu\/akademie\/","url":"https:\/\/www.nestwaerme.org\/lu\/akademie\/","name":"Akademie - nestw\u00e4rme Luxemburg","isPartOf":{"@id":"https:\/\/www.nestwaerme.org\/lu\/#website"},"datePublished":"2025-04-10T06:01:48+00:00","dateModified":"2025-04-10T06:56:02+00:00","breadcrumb":{"@id":"https:\/\/www.nestwaerme.org\/lu\/akademie\/#breadcrumb"},"inLanguage":"de","potentialAction":[{"@type":"ReadAction","target":["https:\/\/www.nestwaerme.org\/lu\/akademie\/"]}]},{"@type":"BreadcrumbList","@id":"https:\/\/www.nestwaerme.org\/lu\/akademie\/#breadcrumb","itemListElement":[{"@type":"ListItem","position":1,"name":"Startseite","item":"https:\/\/www.nestwaerme.org\/lu\/"},{"@type":"ListItem","position":2,"name":"Akademie"}]},{"@type":"WebSite","@id":"https:\/\/www.nestwaerme.org\/lu\/#website","url":"https:\/\/www.nestwaerme.org\/lu\/","name":"nestw\u00e4rme Luxemburg","description":"","potentialAction":[{"@type":"SearchAction","target":{"@type":"EntryPoint","urlTemplate":"https:\/\/www.nestwaerme.org\/lu\/?s={search_term_string}"},"query-input":{"@type":"PropertyValueSpecification","valueRequired":true,"valueName":"search_term_string"}}],"inLanguage":"de"}]}},"_links":{"self":[{"href":"https:\/\/www.nestwaerme.org\/lu\/wp-json\/wp\/v2\/pages\/965","targetHints":{"allow":["GET"]}}],"collection":[{"href":"https:\/\/www.nestwaerme.org\/lu\/wp-json\/wp\/v2\/pages"}],"about":[{"href":"https:\/\/www.nestwaerme.org\/lu\/wp-json\/wp\/v2\/types\/page"}],"author":[{"embeddable":true,"href":"https:\/\/www.nestwaerme.org\/lu\/wp-json\/wp\/v2\/users\/1"}],"replies":[{"embeddable":true,"href":"https:\/\/www.nestwaerme.org\/lu\/wp-json\/wp\/v2\/comments?post=965"}],"version-history":[{"count":3,"href":"https:\/\/www.nestwaerme.org\/lu\/wp-json\/wp\/v2\/pages\/965\/revisions"}],"predecessor-version":[{"id":980,"href":"https:\/\/www.nestwaerme.org\/lu\/wp-json\/wp\/v2\/pages\/965\/revisions\/980"}],"wp:attachment":[{"href":"https:\/\/www.nestwaerme.org\/lu\/wp-json\/wp\/v2\/media?parent=965"}],"curies":[{"name":"wp","href":"https:\/\/api.w.org\/{rel}","templated":true}]}}